{"id":6097,"date":"2026-01-28T08:00:40","date_gmt":"2026-01-28T08:00:40","guid":{"rendered":"http:\/\/umpquacommunityhealthcenter.org\/?page_id=6097"},"modified":"2026-04-21T19:49:51","modified_gmt":"2026-04-21T19:49:51","slug":"in-the-news","status":"publish","type":"page","link":"https:\/\/aviva.health\/es\/in-the-news\/","title":{"rendered":"En las noticias"},"content":{"rendered":"<div class=\"wpb-content-wrapper\">\n<div class=\"mk-page-section-wrapper\" data-mk-full-width=\"true\" data-mk-full-width-init=\"true\" data-mk-stretch-content=\"true\">\n\t<div id=\"page-section-1\" class=\"mk-page-section self-hosted   full_layout full-width-1 js-el js-master-row jupiter-donut-    center-y\"    data-intro-effect=\"false\">\n\n\t\t\t\n\t\t\t<div class=\"mk-page-section-inner\">\n\t\t\t\t\n\n\n<div style=\"background-color:#4da3da;opacity:0.5;\" class=\"mk-video-color-mask\"><\/div>\n\n\t\t\t\t\n\t\t\t\t\n\t\n\t<div class=\"background-layer-holder\">\n\t\t<div id=\"background-layer--1\" data-mk-lazyload=\"false\" class=\"background-layer mk-background-stretch none-blend-effect js-el\"    data-mk-img-set='{\"landscape\":{\"desktop\":\"https:\/\/aviva.health\/wp-content\/uploads\/2019\/09\/umpqua-community-health-center-aviva-health-main-campus-1347x600-bw.jpg\",\"tablet\":\"https:\/\/aviva.health\/wp-content\/uploads\/2019\/09\/umpqua-community-health-center-aviva-health-main-campus-1347x600-bw-1024x768.jpg\",\"mobile\":\"https:\/\/aviva.health\/wp-content\/uploads\/2019\/09\/umpqua-community-health-center-aviva-health-main-campus-1347x600-bw-736x414.jpg\"},\"responsive\":\"true\"}' >\n\t\t\t\t\t\t\t\t\t<div class=\"mk-color-layer\"><\/div>\n\t\t<\/div>\n\t<\/div>\n\n\t\t\t<\/div>\n\n\t\t\t\n        <div class=\"page-section-content vc_row-fluid mk-grid\" >\n            <div class=\"mk-padding-wrapper wpb_row\">\n<div class=\"vc_col-sm-12 wpb_column column_container  jupiter-donut- _ jupiter-donut-height-full\">\n\t\n<h2 id=\"fancy-title-3\" class=\"mk-fancy-title  simple-style jupiter-donut-  color-single\">\n\t<span>\n\t\t\t\t<p>En las noticias<\/p>\n\t\t\t<\/span>\n<\/h2>\n<div class=\"clearboth\"><\/div>\n\n\n\n<\/div>\n<\/div>\n            <div class=\"clearboth\"><\/div>\n        <\/div>\n\n\n\t\t\t\n\t\t\t\n\t\t\t\n\t\t<div class=\"clearboth\"><\/div>\n\t<\/div>\n<\/div>\n<div class=\"vc_row-full-width vc_clearfix\"><\/div>\n\n\n<div class=\"mk-page-section-wrapper\" data-mk-full-width=\"true\" data-mk-full-width-init=\"true\" data-mk-stretch-content=\"true\">\n\t<div id=\"page-section-4\" class=\"mk-page-section self-hosted   full_layout full-width-4 js-el js-master-row jupiter-donut-\"    data-intro-effect=\"false\">\n\n\t\t\t\n\t\t\t<div class=\"mk-page-section-inner\">\n\t\t\t\t\n\n\n<div class=\"mk-video-color-mask\"><\/div>\n\n\t\t\t\t\n\t\t\t\t\t\t\t<\/div>\n\n\t\t\t\n        <div class=\"page-section-content vc_row-fluid mk-grid\" >\n            <div class=\"mk-padding-wrapper wpb_row\">\n<div class=\"vc_col-sm-2 wpb_column column_container  jupiter-donut- _ jupiter-donut-height-full\">\n\t<\/div>\n\n<div class=\"vc_col-sm-8 wpb_column column_container  jupiter-donut- _ jupiter-donut-height-full\">\n\t\t<div class=\"vc_custom_1776800985613\">\n\n<div id=\"text-block-7\" class=\"mk-text-block  jupiter-donut-\">\n\n\t\n\t<h4>April 21, 2026<\/h4>\n<h2>Jerry Bruce Community Campus Nonprofit Partners to Hold Annual Spring Fair and Charity Golf Scramble<\/h2>\n<p><strong>ROSEBURG, Oreg\u00f3n. <\/strong>\u2013 <span data-olk-copy-source=\"MessageBody\">Jerry Bruce Community Campus (JBCC) partner organizations Family Development Center, The FISH Food Pantry, Umpqua Homes, Inc., United Community Action Network, and Aviva Health are holding the fourth annual Spring Fair Saturday, May 2, from noon to 3 p.m., in the Aviva Health parking lot just north of Costco in Roseburg. <a href=\"https:\/\/aviva.health\/wp-content\/uploads\/2026\/04\/jbcc-spring-family-fair-golf-nr-2026.pdf\">M\u00c1S<\/a><\/span><\/p>\n\n\t<div class=\"clearboth\"><\/div>\n<\/div>\n\n\t<\/div>\n\t<div class=\"vc_custom_1775081310336\">\n\n<div id=\"text-block-8\" class=\"mk-text-block  jupiter-donut-\">\n\n\t\n\t<h4>April 1, 2026<\/h4>\n<h2>Third Annual Southern Oregon Nonprofit Summit Kicks Off April 8<\/h2>\n<p><strong>ROSEBURG, Oreg\u00f3n. <\/strong>\u2013 The third annual Southern Oregon Nonprofit Summit, taking place on Aviva Health\u2019s main Roseburg campus located at 150 NE Kenneth Ford Drive, begins Wednesday, April 8. <a href=\"https:\/\/aviva.health\/wp-content\/uploads\/2026\/04\/aviva-2026-nps-nr.pdf\">M\u00c1S<\/a><\/p>\n\n\t<div class=\"clearboth\"><\/div>\n<\/div>\n\n\t<\/div>\n\t<div class=\"vc_custom_1773245355259\">\n\n<div id=\"text-block-9\" class=\"mk-text-block  jupiter-donut-\">\n\n\t\n\t<h4>March 11, 2026<\/h4>\n<h2>Aviva Health to Host 3rd Annual Shamrock Quest<\/h2>\n<p><strong>ROSEBURG, Oreg\u00f3n. <\/strong>\u2013 Families across Douglas County are invited to celebrate community, health and a little St. Patrick\u2019s Day fun at the 3rd Annual Shamrock Quest, scheduled for Saturday, March 14, from noon to 3 p.m. in the Aviva Health parking lot, 150 Kenneth Ford Drive in Roseburg. <a href=\"https:\/\/aviva.health\/wp-content\/uploads\/2026\/03\/aviva-shamrock-quest-2026-nr.pdf\">M\u00c1S<\/a><\/p>\n\n\t<div class=\"clearboth\"><\/div>\n<\/div>\n\n\t<\/div>\n\t<div class=\"vc_custom_1769617006588\">\n\n<div id=\"text-block-10\" class=\"mk-text-block  jupiter-donut-\">\n\n\t\n\t<h4>January 28, 2026<\/h4>\n<h2>Aviva Health Begins Providing Child Advocacy Services in Douglas County<\/h2>\n<p><strong>ROSEBURG, Oreg\u00f3n. <\/strong>\u2013 Aviva Health has begun providing child advocacy services in Douglas County, effective immediately, to ensure children and families continue to receive critical, trauma-informed care following the suspension of services at Douglas C.A.R.E.S. earlier this month. <a href=\"https:\/\/aviva.health\/wp-content\/uploads\/2026\/01\/aviva-douglas-cares-services-transition-2026-nr.pdf\">M\u00c1S<\/a><\/p>\n\n\t<div class=\"clearboth\"><\/div>\n<\/div>\n\n\t<\/div>\n\t<div class=\"vc_custom_1763498564791\">\n\n<div id=\"text-block-11\" class=\"mk-text-block  jupiter-donut-\">\n\n\t\n\t<h4>November 13, 2025<\/h4>\n<h2>Community Partners Launch Umpqua Valley Food Rally to Support Families Hit Hard by SNAP Disruptions and Rising Holiday Need<\/h2>\n<p><strong>ROSEBURG, Oreg\u00f3n. <\/strong>\u2013 With the holiday season approaching and local food pantries experiencing record demand following the recent federal government shutdown, Aviva Health, UCAN and FISH Food Pantry are partnering to host The Umpqua Valley Food Rally \u2014 a one-day community giving event to help ensure families across Douglas County have food for the holidays. <a href=\"https:\/\/aviva.health\/wp-content\/uploads\/2025\/11\/uv-food-rally-2025-nr.pdf\">M\u00c1S<\/a><\/p>\n\n\t<div class=\"clearboth\"><\/div>\n<\/div>\n\n\t<\/div>\n\t<div class=\"vc_custom_1762982175043\">\n\n<div id=\"text-block-12\" class=\"mk-text-block  jupiter-donut-\">\n\n\t\n\t<h4>November 12, 2025<\/h4>\n<h2>Aviva Health to Host Community Impact Panel, Introduce Family Medicine and APP Residents to Local Leaders<\/h2>\n<p><strong>ROSEBURG, Oreg\u00f3n. <\/strong>\u2013 Aviva Health is hosting its first-ever Community Impact Panel Thursday, November 13, from 4:30 p.m. to 6:30 p.m., in the organization\u2019s Willamette Conference Room located on the second floor of its main Roseburg clinic at 150 NE Kenneth Ford Dr. <a href=\"https:\/\/aviva.health\/wp-content\/uploads\/2025\/11\/aviva-comm-impact-panel-2025-nr.pdf\">M\u00c1S<\/a><\/p>\n\n\t<div class=\"clearboth\"><\/div>\n<\/div>\n\n\t<\/div>\n\t<div class=\"vc_custom_1762450271092\">\n\n<div id=\"text-block-13\" class=\"mk-text-block  jupiter-donut-\">\n\n\t\n\t<h4>November 5, 2025<\/h4>\n<h2>Aviva Health Holding Meet and Greet to Introduce Two New Physicians to Glide Community<\/h2>\n<p><strong>ROSEBURG, Oreg\u00f3n. <\/strong>\u2013 Aviva Health is holding a meet and greet at the Glide Community Center, 20062 N Umpqua Hwy, Wednesday, November 12, from 6:30 p.m. to 8 p.m., to introduce two new physicians who are caring for patients in the organization\u2019s Glide Clinic. <a href=\"https:\/\/aviva.health\/wp-content\/uploads\/2025\/11\/aviva-glide-meet-greet-2025-nr.pdf\">M\u00c1S<\/a><\/p>\n\n\t<div class=\"clearboth\"><\/div>\n<\/div>\n\n\t<\/div>\n\t<div class=\"vc_custom_1761843553166\">\n\n<div id=\"text-block-14\" class=\"mk-text-block  jupiter-donut-\">\n\n\t\n\t<h4>October 30, 2025<\/h4>\n<h2>Aviva Health Welcomes First Cohort of Advanced Practice Provider Residents to Support Rural Patient Care in Douglas County<\/h2>\n<p><strong>ROSEBURG, Oreg\u00f3n. <\/strong>\u2013\u00a0Two new physician associates are joining the care team at Myrtle Creek Family Medicine Clinic, helping expand access to primary care in South Douglas County as participants in Aviva Health\u2019s new Rural Oregon Advanced Practice Provider (APP) Residency Program. <a href=\"https:\/\/aviva.health\/wp-content\/uploads\/2025\/10\/aviva-new-app-residents-2025-nr.pdf\">M\u00c1S<\/a><\/p>\n\n\t<div class=\"clearboth\"><\/div>\n<\/div>\n\n\t<\/div>\n\t<div class=\"vc_custom_1761690899219\">\n\n<div id=\"text-block-15\" class=\"mk-text-block  jupiter-donut-\">\n\n\t\n\t<h4>October 27, 2025<\/h4>\n<h2>Aviva Health to Hold Annual Vets and Their Pets Event to Honor Those Who Served in Armed Forces<\/h2>\n<p><strong>ROSEBURG, Oreg\u00f3n. <\/strong>\u2013 Aviva Health is hosting its annual Vets and Their Pets Veteran\u2019s Day celebration on Thursday, November 6, from 11 a.m. to 2 p.m., at 150 NE Kenneth Ford Drive in Roseburg. <a href=\"https:\/\/aviva.health\/wp-content\/uploads\/2025\/10\/aviva-vets-pets-2025-nr.pdf\">M\u00c1S<\/a><\/p>\n\n\t<div class=\"clearboth\"><\/div>\n<\/div>\n\n\t<\/div>\n\t<div class=\"vc_custom_1761075129288\">\n\n<div id=\"text-block-16\" class=\"mk-text-block  jupiter-donut-\">\n\n\t\n\t<h4>October 21, 2025<\/h4>\n<h2>Jerry Bruce Community Campus Nonprofit Partners to Hold Fourth Annual Trunk-or-treat for Local Families<\/h2>\n<p><strong>ROSEBURG, Oreg\u00f3n. <\/strong>\u2013 Jerry Bruce Community Campus (JBCC) partner organizations Family Development Center, The FISH Food Pantry, Umpqua Homes, United Community Action Network, and Aviva Health are holding a Trunk-or-Treat for local families Saturday, October 25, from 11 a.m. to 1 p.m., in the Aviva Health parking lot, 150 NE Kenneth Ford Drive. <a href=\"https:\/\/aviva.health\/wp-content\/uploads\/2025\/10\/jbcc-trunk-or-treat-nr-2025-2.pdf\">M\u00c1S<\/a><\/p>\n\n\t<div class=\"clearboth\"><\/div>\n<\/div>\n\n\t<\/div>\n\t<div class=\"vc_custom_1752163148674\">\n\n<div id=\"text-block-17\" class=\"mk-text-block  jupiter-donut-\">\n\n\t\n\t<h4>10 de julio de 2025<\/h4>\n<h2>La nueva cohorte de residentes de medicina familiar se une a Aviva Health<\/h2>\n<p><strong>ROSEBURG, Oreg\u00f3n. <\/strong>\u2013 Aviva Health dio la bienvenida a su nuevo grupo de residentes de medicina familiar a principios de este mes, la sexta cohorte de ocho m\u00e9dicos reci\u00e9n graduados que comienzan su recorrido de capacitaci\u00f3n cl\u00ednica de tres a\u00f1os en el condado de Douglas. <a href=\"https:\/\/aviva.health\/wp-content\/uploads\/2025\/07\/aviva-new-residents-2025-nr-1.pdf\">M\u00c1S<\/a><\/p>\n\n\t<div class=\"clearboth\"><\/div>\n<\/div>\n\n\t<\/div>\n\t<div class=\"vc_custom_1745860216829\">\n\n<div id=\"text-block-18\" class=\"mk-text-block  jupiter-donut-\">\n\n\t\n\t<h4>28 de abril de 2025<\/h4>\n<h2>La Cl\u00ednica de Salud Femenina y Reproductiva Aviva Health se muda a una nueva ubicaci\u00f3n y ampl\u00eda su equipo<\/h2>\n<p><strong>ROSEBURG, Oreg\u00f3n. <\/strong>\u2013 Aviva Health anunci\u00f3 hoy que, a partir del 23 de junio de 2025, su Cl\u00ednica de Salud Reproductiva y de la Mujer se trasladar\u00e1 a 2460 NW Stewart Parkway, Suite 240, el sitio actual de Accent on Women&#039;s Health. <a href=\"https:\/\/aviva.health\/wp-content\/uploads\/2025\/04\/aviva-aowh-nr-2025-nr.pdf\">M\u00c1S<\/a><\/p>\n\n\t<div class=\"clearboth\"><\/div>\n<\/div>\n\n\t<\/div>\n\t<div class=\"vc_custom_1744124235366\">\n\n<div id=\"text-block-19\" class=\"mk-text-block  jupiter-donut-\">\n\n\t\n\t<h4>8 de abril de 2025<\/h4>\n<h2>Aviva Health lanza un programa de residencia para profesionales de pr\u00e1ctica avanzada. Se est\u00e1n realizando entrevistas para la cohorte inaugural.<\/h2>\n<p><strong>ROSEBURG, Oreg\u00f3n. <\/strong>Aviva Health ha lanzado su Programa de Residencia para Proveedores de Pr\u00e1ctica Avanzada (APP) en la Regi\u00f3n Rural de Oreg\u00f3n, un programa de capacitaci\u00f3n de 13 meses dise\u00f1ado para apoyar a enfermeros de familia (FNP) y m\u00e9dicos asociados (PA) reci\u00e9n graduados en su transici\u00f3n a la pr\u00e1ctica cl\u00ednica en entornos rurales. Actualmente se est\u00e1n realizando entrevistas para seleccionar a la primera cohorte de dos residentes, que comenzar\u00e1n a principios de septiembre. <a href=\"https:\/\/aviva.health\/wp-content\/uploads\/2025\/04\/aviva-app-res-launch-2025-nr.pdf\">M\u00c1S<\/a><\/p>\n\n\t<div class=\"clearboth\"><\/div>\n<\/div>\n\n\t<\/div>\n\t<div class=\"vc_custom_1738874005034\">\n\n<div id=\"text-block-20\" class=\"mk-text-block  jupiter-donut-\">\n\n\t\n\t<h4>6 de febrero de 2025<\/h4>\n<h2>El director financiero de Aviva Health es una de las 12 personas en Estados Unidos que recibir\u00e1n el prestigioso premio de la Asociaci\u00f3n Nacional de Centros de Salud Comunitarios.<\/h2>\n<p><strong>ROSEBURG, Oreg\u00f3n. <\/strong>\u2013<\/p>\n<p><span data-olk-copy-source=\"MessageBody\">El Programa Geiger Gibson en Salud Comunitaria, en colaboraci\u00f3n con la Asociaci\u00f3n Nacional de Centros de Salud Comunitarios (NACHC), reconoci\u00f3 ayer a la directora financiera de Aviva Health, Leah Woods, como una de los 12 destinatarios del Premio L\u00edder Emergente. <a href=\"https:\/\/aviva.health\/wp-content\/uploads\/2025\/02\/aviva-nachc-award-leah-nr-2025.pdf\">M\u00c1S<\/a><\/span><\/p>\n\n\t<div class=\"clearboth\"><\/div>\n<\/div>\n\n\t<\/div>\n\t<div class=\"vc_custom_1730398344102\">\n\n<div id=\"text-block-21\" class=\"mk-text-block  jupiter-donut-\">\n\n\t\n\t<h4>30 de octubre de 2024<\/h4>\n<h2>Aviva Health celebrar\u00e1 un evento anual para veteranos y sus mascotas en honor a quienes sirvieron en las Fuerzas Armadas.<\/h2>\n<p><strong>ROSEBURG, Oreg\u00f3n. <\/strong>\u2013<\/p>\n<p>Aviva Health organizar\u00e1 su celebraci\u00f3n anual del D\u00eda de los Veteranos, Vets and Their Pets, el jueves 7 de noviembre, de 11 a. m. a 2 p. m., en 150 NE Kenneth Ford Drive en Roseburg. <a href=\"https:\/\/aviva.health\/wp-content\/uploads\/2024\/10\/aviva-vets-pets-nr-2024.pdf\">M\u00c1S<\/a><\/p>\n\n\t<div class=\"clearboth\"><\/div>\n<\/div>\n\n\t<\/div>\n\t<div class=\"vc_custom_1728515034484\">\n\n<div id=\"text-block-22\" class=\"mk-text-block  jupiter-donut-\">\n\n\t\n\t<h4>9 de octubre de 2024<\/h4>\n<h2>La organizaci\u00f3n sin fines de lucro Jerry Bruce Community Campus se asocia para celebrar su tercer evento anual de &quot;Ba\u00fal o Dulce&quot; para familias locales.<\/h2>\n<p><strong>ROSEBURG, Oreg\u00f3n. <\/strong>\u2013 Las organizaciones asociadas del Jerry Bruce Community Campus (JBCC), Family Development Center, The FISH Food Pantry, Umpqua Homes, United Community Action Network y Aviva Health est\u00e1n organizando un Trunk-or-Treat para familias locales el s\u00e1bado 19 de octubre, de 12 p. m. a 3 p. m., en el estacionamiento de Aviva Health, 150 NE Kenneth Ford Drive. <a href=\"https:\/\/aviva.health\/wp-content\/uploads\/2024\/10\/jbcc-trunk-or-treat-nr-2024.pdf\">M\u00c1S<\/a><\/p>\n\n\t<div class=\"clearboth\"><\/div>\n<\/div>\n\n\t<\/div>\n\t<div class=\"vc_custom_1724281137805\">\n\n<div id=\"text-block-23\" class=\"mk-text-block  jupiter-donut-\">\n\n\t\n\t<h4>8 de agosto de 2024<\/h4>\n<h2>El gerente de vacunaci\u00f3n de Aviva Health Community Health recibi\u00f3 el Premio Nacional de Campe\u00f3n en Inmunizaci\u00f3n.<\/h2>\n<p><strong>ROSEBURG, Oreg\u00f3n. <\/strong>\u2013 La Asociaci\u00f3n de Gerentes de Inmunizaci\u00f3n (AIM) anunci\u00f3 hoy que Sallie Dean, gerente de vacunas de salud comunitaria de Aviva Health, es la ganadora del premio AIM Champion Award 2024. <a href=\"https:\/\/aviva.health\/wp-content\/uploads\/2024\/08\/aviva-s-dean-aim-champ-nr-2024.pdf\">M\u00c1S<\/a><\/p>\n\n\t<div class=\"clearboth\"><\/div>\n<\/div>\n\n\t<\/div>\n\t<div class=\"vc_custom_1714489413073\">\n\n<div id=\"text-block-24\" class=\"mk-text-block  jupiter-donut-\">\n\n\t\n\t<h4>29 de abril de 2024<\/h4>\n<h2>La organizaci\u00f3n sin fines de lucro Jerry Bruce Community Campus se asocia para celebrar la segunda feria familiar anual de primavera y el primer torneo de golf ben\u00e9fico.<\/h2>\n<p><strong>ROSEBURG, Oreg\u00f3n. <\/strong>\u2013 Las organizaciones asociadas del Jerry Bruce Community Campus (JBCC), Family Development Center, The FISH Food Pantry, Umpqua Homes, Inc., United Community Action Network y Aviva Health est\u00e1n llevando a cabo la segunda Feria Familiar Anual de Primavera el s\u00e1bado 4 de mayo, desde el mediod\u00eda hasta las 3 p. m. en el estacionamiento de Aviva Health, justo al norte de Costco en Roseburg. <a href=\"https:\/\/aviva.health\/wp-content\/uploads\/2024\/04\/jbcc-spring-family-fair-golf-nr-2024.pdf\">M\u00c1S<\/a><\/p>\n\n\t<div class=\"clearboth\"><\/div>\n<\/div>\n\n\t<\/div>\n\t<div class=\"vc_custom_1710864747984\">\n\n<div id=\"text-block-25\" class=\"mk-text-block  jupiter-donut-\">\n\n\t\n\t<h4>19 de marzo de 2024<\/h4>\n<h2>Aviva Health Mobile Medical comenzar\u00e1 a prestar servicios en Umpqua Community College<\/h2>\n<p><strong>ROSEBURG, Oreg\u00f3n. <\/strong>\u2013 Los estudiantes de Umpqua Community College tendr\u00e1n acceso en el lugar a servicios b\u00e1sicos de atenci\u00f3n m\u00e9dica primaria a partir del lunes 1 de abril a las 10 a. m., cuando Aviva Health comience a ofrecer atenci\u00f3n en el campus desde una de sus unidades m\u00e9dicas m\u00f3viles. <a href=\"https:\/\/aviva.health\/wp-content\/uploads\/2024\/03\/aviva-ucc-mobile-nr-2024-final.pdf\">M\u00c1S<\/a><\/p>\n\n\t<div class=\"clearboth\"><\/div>\n<\/div>\n\n\t<\/div>\n\t<div class=\"vc_custom_1709329934962\">\n\n<div id=\"text-block-26\" class=\"mk-text-block  jupiter-donut-\">\n\n\t\n\t<h4>4 de marzo de 2024<\/h4>\n<h2>Aviva Health abrir\u00e1 una nueva cl\u00ednica en Sutherlin<\/h2>\n<p><strong>ROSEBURG, Oreg\u00f3n. <\/strong>\u2013 Aviva Health abrir\u00e1 su nueva Cl\u00ednica Sutherlin, ubicada en 775 Taylor Street, el lunes 1 de abril de 2024. La oficina anterior de Sutherlin del Centro de Salud Federalmente Calificado sin fines de lucro estaba ubicada justo al norte del Restaurante Apple Peddler en Ponderosa Drive. <a href=\"https:\/\/aviva.health\/wp-content\/uploads\/2024\/03\/aviva-new-suth-clinic-opening-nr-2024.pdf\">M\u00c1S<\/a><\/p>\n\n\t<div class=\"clearboth\"><\/div>\n<\/div>\n\n\t<\/div>\n\t<div class=\"vc_custom_1698081274004\">\n\n<div id=\"text-block-27\" class=\"mk-text-block  jupiter-donut-\">\n\n\t\n\t<h4>23 de octubre de 2023<\/h4>\n<h2>El coordinador del programa de salud p\u00fablica de Aviva Health es reconocido como l\u00edder emergente por la Asociaci\u00f3n de Salud P\u00fablica de Oreg\u00f3n<\/h2>\n<p><strong>ROSEBURG, Oreg\u00f3n. <\/strong>\u2013 La coordinadora del Programa de Salud P\u00fablica de Aviva Health, Alyson Pinkelman, recibi\u00f3 la semana pasada el Premio L\u00edder Emergente de la Asociaci\u00f3n de Salud P\u00fablica de Oreg\u00f3n (OPHA), otorgado a una persona que demuestra liderazgo, innovaci\u00f3n y creatividad. <a href=\"https:\/\/aviva.health\/wp-content\/uploads\/2023\/10\/aviva-pinkelman-award-2023.pdf\">M\u00c1S<\/a><\/p>\n\n\t<div class=\"clearboth\"><\/div>\n<\/div>\n\n\t<\/div>\n\t<div class=\"vc_custom_1697749121988\">\n\n<div id=\"text-block-28\" class=\"mk-text-block  jupiter-donut-\">\n\n\t\n\t<h4>19 de octubre de 2023<\/h4>\n<h2>La organizaci\u00f3n sin fines de lucro Jerry Bruce Community Campus se asocia para celebrar el segundo evento anual &quot;Treat or Treat&quot; para familias locales.<\/h2>\n<p><strong>ROSEBURG, Oreg\u00f3n. <\/strong>\u2013 Las organizaciones asociadas del Jerry Bruce Community Campus (JBCC), Family Development Center, The FISH Food Pantry, Umpqua Homes, Inc., United Community Action Network y Aviva Health est\u00e1n organizando un Trunk-or-Treat para familias locales el s\u00e1bado 28 de octubre, de 12 p. m. a 3 p. m., en el estacionamiento de Aviva Health, 150 NE Kenneth Ford Drive. <a href=\"https:\/\/aviva.health\/wp-content\/uploads\/2023\/10\/jbcc-trunk-or-treat-nr-2023.pdf\">M\u00c1S<\/a><\/p>\n\n\t<div class=\"clearboth\"><\/div>\n<\/div>\n\n\t<\/div>\n\t<div class=\"vc_custom_1696010201679\">\n\n<div id=\"text-block-29\" class=\"mk-text-block  jupiter-donut-\">\n\n\t\n\t<h4>20 de septiembre de 2023<\/h4>\n<h2>El director ejecutivo de Aviva Health, KC Bolton, fue reconocido por la Asociaci\u00f3n de Atenci\u00f3n Primaria de Oreg\u00f3n por su innovaci\u00f3n y transformaci\u00f3n en el liderazgo.<\/h2>\n<p><strong>ROSEBURG, Oreg\u00f3n. <\/strong>\u2013 La Asociaci\u00f3n de Atenci\u00f3n Primaria de Oreg\u00f3n (OPCA) reconoci\u00f3 ayer al director ejecutivo de Aviva Health, KC Bolton, con el Premio a la Excelencia 2023 en la categor\u00eda de Innovaci\u00f3n y Transformaci\u00f3n en Liderazgo en la reuni\u00f3n de grupos de pares de oto\u00f1o de la organizaci\u00f3n en Eugene. <a href=\"https:\/\/aviva.health\/wp-content\/uploads\/2023\/09\/aviva-opca-innovation-award-nr-2023.pdf\">M\u00c1S<\/a><\/p>\n\n\t<div class=\"clearboth\"><\/div>\n<\/div>\n\n\t<\/div>\n\t<div class=\"vc_custom_1691170978299\">\n\n<div id=\"text-block-30\" class=\"mk-text-block  jupiter-donut-\">\n\n\t\n\t<h4>4 de agosto de 2023<\/h4>\n<h2>Aviva Health organizar\u00e1 una asamblea p\u00fablica en Myrtle Creek<\/h2>\n<p><strong>ROSEBURG, Oreg\u00f3n. <\/strong>\u2013 Aviva Health llevar\u00e1 a cabo un ayuntamiento el martes 8 de agosto, de 6:30 p. m. a 8:00 p. m., en Myrtle Creek Elks Lodge, ubicado en 106 S. Main Street, Myrtle Creek, brindando a los residentes del \u00e1rea la oportunidad de compartir informaci\u00f3n sobre el estado actual de la atenci\u00f3n m\u00e9dica en el sur del condado. <a href=\"https:\/\/aviva.health\/wp-content\/uploads\/2023\/08\/aviva-mc-town-hall-nr-2023.pdf\">M\u00c1S<\/a><\/p>\n\n\t<div class=\"clearboth\"><\/div>\n<\/div>\n\n\t<\/div>\n\t<div class=\"vc_custom_1686165448643\">\n\n<div id=\"text-block-31\" class=\"mk-text-block  jupiter-donut-\">\n\n\t\n\t<h4>7 de junio de 2023<\/h4>\n<h2>El Dr. Kanani Dilcher, m\u00e9dico de Aviva Health, fue reconocido como promotor de comunidades rurales.<\/h2>\n<p><strong>ROSEBURG, Oreg\u00f3n. <\/strong>\u2013 La Fundaci\u00f3n de la Familia Ford reconoci\u00f3 recientemente al m\u00e9dico de medicina familiar de Aviva Health, el Dr. Kanani Dilcher, como <a href=\"https:\/\/ruralcommunitybuilder.org\/stories\/kanani-dilcher-north-douglas-county-or-positivity\/?fbclid=IwAR1hMK0kZ_8daBNi5MMH9-QcJIniEsj-7pi8tP0SmtIn7BHS52WAotGiOIU\" target=\"_blank\" rel=\"noopener\">Constructor de comunidades rurales<\/a> por su trabajo transformador para mejorar la salud de los residentes del norte del condado de Douglas y sus esfuerzos voluntarios en la comunidad. <a href=\"https:\/\/aviva.health\/wp-content\/uploads\/2023\/06\/aviva-dilcher-cb-recognition-nr-2023.pdf\">M\u00c1S<\/a><\/p>\n\n\t<div class=\"clearboth\"><\/div>\n<\/div>\n\n\t<\/div>\n\t<div class=\"vc_custom_1684341516095\">\n\n<div id=\"text-block-32\" class=\"mk-text-block  jupiter-donut-\">\n\n\t\n\t<h4>16 de mayo de 2023<\/h4>\n<h2>Los ocho residentes de tercer a\u00f1o de Medicina Familiar aprueban sus ex\u00e1menes y presentar\u00e1n sus proyectos finales el mi\u00e9rcoles.<\/h2>\n<p><strong>ROSEBURG, Oreg\u00f3n. <\/strong>\u2013 Los ocho m\u00e9dicos de tercer a\u00f1o del Programa de Residencia en Medicina Familiar de Roseburg han aprobado exitosamente sus ex\u00e1menes y son elegibles para la certificaci\u00f3n de la Junta Estadounidense de Medicina Familiar. <a href=\"https:\/\/aviva.health\/wp-content\/uploads\/2023\/05\/aviva-residents-boards-nr-2023.pdf\">M\u00c1S<\/a><\/p>\n\n\t<div class=\"clearboth\"><\/div>\n<\/div>\n\n\t<\/div>\n\t<div class=\"vc_custom_1682539085534\">\n\n<div id=\"text-block-33\" class=\"mk-text-block  jupiter-donut-\">\n\n\t\n\t<h4>26 de abril de 2023<\/h4>\n<h2>La organizaci\u00f3n sin fines de lucro Jerry Bruce Community Campus se asocia para celebrar el evento inaugural Hope Springs Eternal<\/h2>\n<p><strong>ROSEBURG, Oreg\u00f3n. <\/strong>\u2013 Hope Springs Eternal, un evento familiar gratuito organizado por las organizaciones asociadas sin fines de lucro en el Jerry Bruce Community Campus (JBCC), se llevar\u00e1 a cabo el s\u00e1bado 6 de mayo, de 11 a. m. a 4 p. m., en el estacionamiento de Aviva Health ubicado en 150 NE Kenneth Ford Drive. <a href=\"https:\/\/aviva.health\/wp-content\/uploads\/2023\/04\/jbcc-hse-nr-2023.pdf\">M\u00c1S<\/a><\/p>\n\n\t<div class=\"clearboth\"><\/div>\n<\/div>\n\n\t<\/div>\n\t<div class=\"vc_custom_1669827927682\">\n\n<div id=\"text-block-34\" class=\"mk-text-block  jupiter-donut-\">\n\n\t\n\t<h4>30 de noviembre de 2022<\/h4>\n<h2>Aviva Health inaugura un centro de recolecci\u00f3n de leche y anima a las madres lactantes a donar.<\/h2>\n<p><strong>ROSEBURG, Oreg\u00f3n. <\/strong>\u2013 Aviva Health, en asociaci\u00f3n con Northwest Mothers Milk Bank (NWMMB) y Healthy Start, organizar\u00e1 una gran inauguraci\u00f3n del \u00fanico sitio de entrega de leche del condado de Douglas el viernes 9 de diciembre, de 11 a. m. a 2 p. m., en su cl\u00ednica principal de Roseburg ubicada en 150 NE Kenneth Ford Drive. <a href=\"https:\/\/aviva.health\/wp-content\/uploads\/2022\/11\/aviva-milk-drop-nr-2022.pdf\">M\u00c1S<\/a><\/p>\n\n\t<div class=\"clearboth\"><\/div>\n<\/div>\n\n\t<\/div>\n\t<div class=\"vc_custom_1665514394429\">\n\n<div id=\"text-block-35\" class=\"mk-text-block  jupiter-donut-\">\n\n\t\n\t<h4>11 de octubre de 2022<\/h4>\n<h2>La celebraci\u00f3n del D\u00eda de los Veteranos de Aviva Health &quot;Veteranos y sus mascotas&quot; regresa despu\u00e9s de una pausa de dos a\u00f1os.<\/h2>\n<p><strong>ROSEBURG, Oreg\u00f3n. <\/strong>\u2013 Aviva Health vuelve a organizar su celebraci\u00f3n del D\u00eda de los Veteranos, Vets and Their Pets, el jueves 10 de noviembre, de 11 a. m. a 3 p. m., en su campus principal de Roseburg, ubicado en 150 NE Kenneth Ford Drive, justo al norte de Costco. <a href=\"https:\/\/aviva.health\/wp-content\/uploads\/2022\/10\/aviva-vets-pets-nr-2022.pdf\">M\u00c1S<\/a><\/p>\n\n\t<div class=\"clearboth\"><\/div>\n<\/div>\n\n\t<\/div>\n\t<div class=\"vc_custom_1665177779132\">\n\n<div id=\"text-block-36\" class=\"mk-text-block  jupiter-donut-\">\n\n\t\n\t<h4>7 de octubre de 2022<\/h4>\n<h2>La organizaci\u00f3n sin fines de lucro Jerry Bruce Community Campus se asocia para organizar un evento de &quot;Trail or Treat&quot; para familias locales<\/h2>\n<p><strong>ROSEBURG, Oreg\u00f3n. <\/strong>\u2013 Las organizaciones asociadas del Jerry Bruce Community Campus, Family Development Center, The FISH Food Pantry, Umpqua Homes, Inc., United Community Action Network y Aviva Health est\u00e1n organizando un Trunk or Treat para familias locales el s\u00e1bado 22 de octubre, de 5 p. m. a 7 p. m., en el estacionamiento de Aviva Health, 150 NE Kenneth Ford Drive. <a href=\"https:\/\/aviva.health\/wp-content\/uploads\/2022\/10\/jbcc-trunk-or-treat-nr-2022.pdf\">M\u00c1S<\/a><\/p>\n\n\t<div class=\"clearboth\"><\/div>\n<\/div>\n\n\t<\/div>\n\t<div class=\"vc_custom_1664471602707\">\n\n<div id=\"text-block-37\" class=\"mk-text-block  jupiter-donut-\">\n\n\t\n\t<h4>23 de septiembre de 2022<\/h4>\n<h2>La Unidad M\u00e9dica M\u00f3vil de Aviva Health atender\u00e1 a los residentes de Diamond Lake a partir de octubre<\/h2>\n<p><strong>ROSEBURG, Oreg\u00f3n. <\/strong>\u2013 El equipo de Servicios M\u00e9dicos M\u00f3viles de Aviva Health planea desplegar una de sus unidades m\u00e9dicas m\u00f3viles (MMU) en Diamond Lake el viernes 14 de octubre, de 8 a. m. a 4 p. m., para brindar importantes servicios de atenci\u00f3n m\u00e9dica a una de las \u00e1reas con mayor desatenci\u00f3n m\u00e9dica del condado de Douglas. <a href=\"https:\/\/aviva.health\/wp-content\/uploads\/2022\/09\/aviva-mobile-services-dl-2022.pdf\">M\u00c1S<\/a><\/p>\n\n\t<div class=\"clearboth\"><\/div>\n<\/div>\n\n\t<\/div>\n\t<div class=\"vc_custom_1655765009712\">\n\n<div id=\"text-block-38\" class=\"mk-text-block  jupiter-donut-\">\n\n\t\n\t<h4>17 de mayo de 2022<\/h4>\n<h2>Aviva Health seleccionada como ganadora del Premio Cumbre 2022 de la Asociaci\u00f3n de Atenci\u00f3n Primaria Regional del Noroeste<\/h2>\n<p><strong>ROSEBURG, Oreg\u00f3n. <\/strong>\u2013<\/p>\n<p>La Asociaci\u00f3n de Atenci\u00f3n Primaria Regional del Noroeste (NWRPCA) seleccion\u00f3 a Aviva Health como ganadora del Premio Cumbre 2022 ayer en su conferencia anual de primavera. <a href=\"https:\/\/aviva.health\/wp-content\/uploads\/2022\/06\/aviva-new-nwrpca-summit-award-2022-nr-mt.pdf\">M\u00c1S<\/a><\/p>\n\n\t<div class=\"clearboth\"><\/div>\n<\/div>\n\n\t<\/div>\n\t<div class=\"vc_custom_1642021354335\">\n\n<div id=\"text-block-39\" class=\"mk-text-block  jupiter-donut-\">\n\n\t\n\t<h4>12 de enero de 2022<\/h4>\n<h2>Aviva Health instala un centro de llamadas temporal Omicron Surge en su nueva ubicaci\u00f3n en el centro de Roseburg<\/h2>\n<p><strong>ROSEBURG, Oreg\u00f3n. <\/strong>\u2013<\/p>\n<p>Aviva Health est\u00e1 utilizando el espacio comercial donado en el centro de Roseburg como parte de su esfuerzo de respuesta \u00f3micron, lo que marca el regreso de la organizaci\u00f3n al \u00e1rea donde abri\u00f3 sus puertas por primera vez en 1992. <a href=\"https:\/\/aviva.health\/wp-content\/uploads\/2022\/01\/aviva-downtown-clinic-nr-kc-final.pdf\">M\u00c1S<\/a><\/p>\n\n\t<div class=\"clearboth\"><\/div>\n<\/div>\n\n\t<\/div>\n\t<div class=\"vc_custom_1632845197126\">\n\n<div id=\"text-block-40\" class=\"mk-text-block  jupiter-donut-\">\n\n\t\n\t<h4>22 de septiembre de 2021<\/h4>\n<h2>Aviva Health comienza a ofrecer vacunas de refuerzo de Pfizer a personas elegibles y pruebas de COVID-19 para uso recreativo.<\/h2>\n<p><strong>ROSEBURG, Oreg\u00f3n. <\/strong>\u2013 A partir de hoy, Aviva Health ofrece la vacuna de refuerzo contra la COVID-19 de Pfizer a ciertos grupos de personas en su cl\u00ednica de vacunaci\u00f3n ubicada en 4221 NE Stephens Street, Suite 101A, de lunes a viernes, de 8:30 a. m. a 11:30 a. m. y de 1 p. m. a 4:30 p. m. <a href=\"https:\/\/aviva.health\/wp-content\/uploads\/2021\/09\/aviva-vax-test-update-9-27-21-1.pdf\">M\u00c1S<\/a><\/p>\n\n\t<div class=\"clearboth\"><\/div>\n<\/div>\n\n\t<\/div>\n\t<div class=\"vc_custom_1632329874196\">\n\n<div id=\"text-block-41\" class=\"mk-text-block  jupiter-donut-\">\n\n\t\n\t<h4>22 de septiembre de 2021<\/h4>\n<h2>Ante la disminuci\u00f3n del \u00faltimo aumento de COVID-19, Aviva Health finaliza el apoyo de triaje previo a la sala de emergencias en CHI Mercy Health Mercy Medical Center<\/h2>\n<p><strong>ROSEBURG, Oreg\u00f3n. <\/strong>\u2013 Aviva Health est\u00e1 cerrando hoy su apoyo de triaje previo a la sala de emergencias (triaje previo a la sala de emergencias) en CHI Mercy Health Mercy Medical Center, una medida relacionada con la reducci\u00f3n de casos diarios de COVID-19. <a href=\"https:\/\/aviva.health\/wp-content\/uploads\/2021\/09\/aviva-2021-mercy-preed-closing-final.pdf\">M\u00c1S<\/a><\/p>\n<p><img loading=\"lazy\" decoding=\"async\" class=\"alignleft wp-image-9031\" src=\"https:\/\/aviva.health\/wp-content\/uploads\/2021\/08\/20210825_151054-scaled.jpg\" alt=\"\" width=\"500\" height=\"281\" srcset=\"https:\/\/aviva.health\/wp-content\/uploads\/2021\/08\/20210825_151054-scaled.jpg 2560w, https:\/\/aviva.health\/wp-content\/uploads\/2021\/08\/20210825_151054-768x432.jpg 768w\" sizes=\"auto, (max-width: 500px) 100vw, 500px\" \/><\/p>\n\n\t<div class=\"clearboth\"><\/div>\n<\/div>\n\n\t<\/div>\n\t<div class=\"vc_custom_1630014642980\">\n\n<div id=\"text-block-42\" class=\"mk-text-block  jupiter-donut-\">\n\n\t\n\t<h4>26 de agosto de 2021<\/h4>\n<h2>Aviva Health brinda apoyo de triaje previo a la sala de emergencias al CHI Mercy Health Mercy Medical Center en respuesta al aumento repentino de COVID-19<\/h2>\n<p><strong>ROSEBURG, Oreg\u00f3n. <\/strong>\u2013 A partir del jueves 26 de agosto, Aviva Health se asocia con CHI Mercy Health Mercy Medical Center y Umpqua Health Alliance (UHA) para brindar triaje previo a la sala de emergencias (triaje previo a la sala de emergencias) a los pacientes que acceden a los servicios de emergencia en el hospital en un esfuerzo por identificar y redirigir de manera proactiva a las personas positivas para COVID-19 que no requieren atenci\u00f3n de emergencia, pero que pueden beneficiarse del tratamiento en otro entorno. <a href=\"https:\/\/aviva.health\/wp-content\/uploads\/2021\/08\/aviva-2021-mercy-pre-ed-triage-nr-final.pdf\">M\u00c1S<\/a><\/p>\n<p><img loading=\"lazy\" decoding=\"async\" class=\"alignleft wp-image-9031\" src=\"https:\/\/aviva.health\/wp-content\/uploads\/2021\/08\/20210825_151054-scaled.jpg\" alt=\"\" width=\"500\" height=\"281\" srcset=\"https:\/\/aviva.health\/wp-content\/uploads\/2021\/08\/20210825_151054-scaled.jpg 2560w, https:\/\/aviva.health\/wp-content\/uploads\/2021\/08\/20210825_151054-768x432.jpg 768w\" sizes=\"auto, (max-width: 500px) 100vw, 500px\" \/><\/p>\n\n\t<div class=\"clearboth\"><\/div>\n<\/div>\n\n\t<\/div>\n\t<div class=\"vc_custom_1629413392651\">\n\n<div id=\"text-block-43\" class=\"mk-text-block  jupiter-donut-\">\n\n\t\n\t<h4>19 de agosto de 2021<\/h4>\n<h2>Aviva Health ya ofrece terceras dosis de las vacunas Pfizer y Moderna contra la COVID-19 a personas inmunodeprimidas.<\/h2>\n<p><strong>ROSEBURG, Oreg\u00f3n. <\/strong>\u2013 Aviva Health ahora ofrece terceras dosis de las vacunas Pfizer y Moderna COVID-19 a personas inmunodeprimidas. <a href=\"https:\/\/aviva.health\/wp-content\/uploads\/2021\/08\/aviva-immunocomp-third-doses-nr-mt.pdf\">M\u00c1S<\/a><\/p>\n\n\t<div class=\"clearboth\"><\/div>\n<\/div>\n\n\t<\/div>\n\t<div class=\"vc_custom_1624377514211\">\n\n<div id=\"text-block-44\" class=\"mk-text-block  jupiter-donut-\">\n\n\t\n\t<h4>21 de junio de 2021<\/h4>\n<h2>Aviva Health da la bienvenida a la segunda cohorte de ocho m\u00e9dicos al programa de residencia<\/h2>\n<p><strong>ROSEBURG, Oreg\u00f3n. <\/strong>\u2013 Ocho m\u00e9dicos de medicina familiar se unieron al Programa de Residencia en Medicina Familiar Roseburg de Aviva Health la semana pasada, aumentando el n\u00famero total de m\u00e9dicos en el programa a 16. Una asociaci\u00f3n con CHI Mercy Health, el programa de residencia de Aviva Health es el \u00fanico de su tipo en el condado de Douglas y tiene como objetivo capacitar y retener a los m\u00e9dicos para que ejerzan en \u00e1reas rurales de Oreg\u00f3n. <a href=\"\/wp-content\/uploads\/2021\/06\/aviva-new-residents-nr-mt.pdf\" target=\"_blank\" rel=\"noopener\">M\u00c1S<\/a><\/p>\n\n\t<div class=\"clearboth\"><\/div>\n<\/div>\n\n\t<\/div>\n\t<div class=\"vc_custom_1621874248214\">\n\n<div id=\"text-block-45\" class=\"mk-text-block  jupiter-donut-\">\n\n\t\n\t<h4>24 de mayo de 2021<\/h4>\n<h2>La campa\u00f1a de capital de Aviva Health arranca con fuerza con una contribuci\u00f3n de $100,000 de la Fundaci\u00f3n Comunitaria de Oreg\u00f3n<\/h2>\n<p><strong>ROSEBURG, Oreg\u00f3n. <\/strong>\u2013 La Fundaci\u00f3n Comunitaria de Oregon (OCF) anunci\u00f3 una subvenci\u00f3n de $100,000 en apoyo del \u00faltimo proyecto de construcci\u00f3n de Aviva Health, una cl\u00ednica de dos pisos y 31,000 pies cuadrados en su campus principal de Roseburg que agregar\u00e1 34 nuevas salas de examen y albergar\u00e1 el Programa de Residencia de Medicina Familiar de Roseburg de la organizaci\u00f3n. <a href=\"https:\/\/aviva.health\/wp-content\/uploads\/2021\/05\/ocf-award-aviva-bp-2021-nr-mt.pdf\" target=\"_blank\" rel=\"noopener\">M\u00c1S<\/a><\/p>\n\n\t<div class=\"clearboth\"><\/div>\n<\/div>\n\n\t<\/div>\n\t<div class=\"vc_custom_1621361403073\">\n\n<div id=\"text-block-46\" class=\"mk-text-block  jupiter-donut-\">\n\n\t\n\t<h4>18 de mayo de 2021<\/h4>\n<h2>Aviva Health celebra virtualmente la ceremonia de inicio de obras de su nueva instalaci\u00f3n en Roseburg<\/h2>\n<p><strong>ROSEBURG, Oreg\u00f3n. <\/strong>\u2013 Aviva Health llevar\u00e1 a cabo una ceremonia virtual de inicio de obras el mi\u00e9rcoles 19 de mayo para su proyecto de construcci\u00f3n de dos pisos y 31 000 pies cuadrados de $16 millones que agregar\u00e1 34 nuevas salas de examen, cuatro salas de procedimientos, tres grandes salas de conferencias disponibles para eventos comunitarios y espacio suficiente para albergar a 24 m\u00e9dicos residentes de medicina familiar. <a href=\"https:\/\/aviva.health\/wp-content\/uploads\/2021\/05\/aviva-2021-ground-breaking-nr-mt.pdf\" target=\"_blank\" rel=\"noopener\">M\u00c1S<\/a><\/p>\n\n\t<div class=\"clearboth\"><\/div>\n<\/div>\n\n\t<\/div>\n\t<div class=\"vc_custom_1621013099543\">\n\n<div id=\"text-block-47\" class=\"mk-text-block  jupiter-donut-\">\n\n\t\n\t<h4>14 de mayo de 2021<\/h4>\n<h2>Aviva Health inaugura una cl\u00ednica de vacunaci\u00f3n contra la COVID-19<\/h2>\n<p><strong>ROSEBURG, Oreg\u00f3n. <\/strong>\u2013 Aviva Health abrir\u00e1 una cl\u00ednica de vacunaci\u00f3n contra la COVID-19 dedicada ubicada en 4221 NE Stephens St., Suite 101, justo al otro lado de la calle de su sucursal principal en Roseburg, cerca de Costco, el martes 18 de mayo a las 8 a. m. <a href=\"\/wp-content\/uploads\/2021\/05\/aviva-2021-covid-19-vax-clinic-final.pdf\" target=\"_blank\" rel=\"noopener\">M\u00c1S<\/a><\/p>\n\n\t<div class=\"clearboth\"><\/div>\n<\/div>\n\n\t<\/div>\n\t<div class=\"vc_custom_1617389266201\">\n\n<div id=\"text-block-48\" class=\"mk-text-block  jupiter-donut-\">\n\n\t\n\t<h4>2 de abril de 2021<\/h4>\n<h2>Aviva Health vacunar\u00e1 a residentes de Sutherlin y Myrtle Creek en eventos masivos de vacunaci\u00f3n contra la COVID-19.<\/h2>\n<p><strong>ROSEBURG, Oreg\u00f3n. <\/strong>\u2013 Aviva Health llevar\u00e1 a cabo eventos de vacunaci\u00f3n en Sutherlin y Myrtle Creek la pr\u00f3xima semana, continuando sus esfuerzos para administrar la vacuna a los residentes de 18 a\u00f1os o m\u00e1s en las \u00e1reas perif\u00e9ricas del condado de Douglas.<\/p>\n<p>El martes 6 y el jueves 8 de abril, Aviva Health administrar\u00e1 vacunas contra la COVID-19 en Sutherlin, en el Centro Comunitario Sutherlin, ubicado en 150 S. Willamette Street. Ambos d\u00edas, las cl\u00ednicas estar\u00e1n abiertas de 8:00 a. m. a 11:30 a. m. y de 1:00 p. m. a 4:00 p. m.<\/p>\n<p>El mi\u00e9rcoles 7 de abril, Aviva Health ofrecer\u00e1 vacunas contra la COVID-19 a los residentes de Myrtle Creek en Elks Lodge, 106 S. Main Street, de 8 a. m. a 11:30 p. m. y de 1 p. m. a 3:30 p. m. <a href=\"\/wp-content\/uploads\/2021\/04\/aviva-2021-covid-19-suth-mc-mass-vax-event-final.pdf\" target=\"_blank\" rel=\"noopener\">M\u00c1S<\/a><\/p>\n\n\t<div class=\"clearboth\"><\/div>\n<\/div>\n\n\t<\/div>\n\t<div class=\"vc_custom_1617124132856\">\n\n<div id=\"text-block-49\" class=\"mk-text-block  jupiter-donut-\">\n\n\t\n\t<h4>30 de marzo de 2021<\/h4>\n<h2>Aviva Health vacunar\u00e1 a los residentes del norte del condado en un evento masivo de vacunaci\u00f3n contra la COVID-19<\/h2>\n<p><strong>ROSEBURG, Oreg\u00f3n. <\/strong>\u2013 Aviva Health est\u00e1 llevando a cabo otro evento de vacunaci\u00f3n masiva contra el COVID-19, esta vez para los ciudadanos del norte del condado de 45 a\u00f1os o m\u00e1s con afecciones subyacentes, el jueves 1 de abril, de 8 a. m. a 11:30 a. m. y de 1 p. m. a 4 p. m., en el Drain Civic Center, 205 WA Ave., en la ciudad de Drain. <a href=\"\/wp-content\/uploads\/2021\/03\/aviva-2021-covid-19-drain-mass-vax-event-final.pdf\" target=\"_blank\" rel=\"noopener\">M\u00c1S<\/a><\/p>\n\n\t<div class=\"clearboth\"><\/div>\n<\/div>\n\n\t<\/div>\n\t<div class=\"vc_custom_1614210531014\">\n\n<div id=\"text-block-50\" class=\"mk-text-block  jupiter-donut-\">\n\n\t\n\t<h4>24 de febrero de 2021<\/h4>\n<h2>La Cl\u00ednica Aviva Health Sutherlin recibe la designaci\u00f3n de 5 estrellas como centro de atenci\u00f3n primaria centrado en el paciente.<\/h2>\n<p><strong>ROSEBURG, Oreg\u00f3n. <\/strong>\u2013 La Autoridad de Salud de Oreg\u00f3n (OHA) ha designado la cl\u00ednica Sutherlin de Aviva Health como un Centro de Atenci\u00f3n Primaria Centrado en el Paciente (PCPCH) de 5 estrellas, un logro que seg\u00fan la OHA refleja hasta qu\u00e9 punto un proveedor de atenci\u00f3n primaria demuestra excelencia en la prestaci\u00f3n de atenci\u00f3n de alta calidad centrada en la persona y la familia. <a href=\"\/wp-content\/uploads\/2021\/02\/aviva-2021-sutherlin-tier-5-mt.pdf\" target=\"_blank\" rel=\"noopener\">M\u00c1S<\/a><\/p>\n\n\t<div class=\"clearboth\"><\/div>\n<\/div>\n\n\t<\/div>\n\t<div class=\"vc_custom_1613616693951\">\n\n<div id=\"text-block-51\" class=\"mk-text-block  jupiter-donut-\">\n\n\t\n\t<h4>17 de febrero de 2021<\/h4>\n<h2>Aviva Health, Douglas ESD, administra vacunas contra la COVID-19 a pacientes mayores de 80 a\u00f1os en el recinto ferial del condado de Douglas.<\/h2>\n<p><strong>ROSEBURG, Oreg\u00f3n. <\/strong>Aviva Health, en colaboraci\u00f3n con el Distrito Escolar de Douglas (ESD), realizar\u00e1 otro evento masivo de vacunaci\u00f3n contra la COVID-19, esta vez para pacientes de Aviva Health mayores de 80 a\u00f1os, el jueves 18 de febrero, de 9:00 a 11:30 y de 13:00 a 16:00, en el Sal\u00f3n Douglas del Recinto Ferial del Condado de Douglas. Este evento no es p\u00fablico; solo se vacunar\u00e1n los pacientes de Aviva Health mayores de 80 a\u00f1os que se hayan preinscrito. <a href=\"\/wp-content\/uploads\/2021\/02\/aviva-2021-covid-19-80-plus-mass-vax-event-mt.pdf\" target=\"_blank\" rel=\"noopener\">M\u00c1S<\/a><\/p>\n\n\t<div class=\"clearboth\"><\/div>\n<\/div>\n\n\t<\/div>\n\t<div class=\"vc_custom_1613617127298\">\n\n<div id=\"text-block-52\" class=\"mk-text-block  jupiter-donut-\">\n\n\t\n\t<h4>23 de enero de 2021<\/h4>\n<h2>Aviva Health organiza un evento masivo de vacunaci\u00f3n contra la COVID-19 en el recinto ferial del condado de Douglas<\/h2>\n<p><strong>ROSEBURG, Oreg\u00f3n. <\/strong>\u2013 Aviva Health llevar\u00e1 a cabo un evento de vacunaci\u00f3n masiva contra la COVID-19 para ciudadanos seleccionados del condado de Douglas que se encuentran dentro de los grupos dos y tres del programa de priorizaci\u00f3n de vacunas de la Fase 1a de la Autoridad de Salud de Oreg\u00f3n (OHA) el s\u00e1bado 23 de enero, de 8 a. m. a 6 p. m. en Douglas Hall en el recinto ferial del condado de Douglas. <a href=\"\/wp-content\/uploads\/2021\/02\/aviva-2021-covid-19-mass-vax-event-mt.pdf\" target=\"_blank\" rel=\"noopener\">M\u00c1S<\/a><\/p>\n\n\t<div class=\"clearboth\"><\/div>\n<\/div>\n\n\t<\/div>\n\t<div class=\"vc_custom_1604010273976\">\n\n<div id=\"text-block-53\" class=\"mk-text-block  jupiter-donut-\">\n\n\t\n\t<h4>29 de octubre de 2020<\/h4>\n<h2>Dos pasantes de salud conductual se unen a Aviva Health<\/h2>\n<p><strong>ROSEBURG, Oreg\u00f3n. <\/strong>\u2013 Aviva Health recibi\u00f3 recientemente a dos pasantes de salud conductual de la Universidad Estatal de Portland que durante los pr\u00f3ximos meses se capacitar\u00e1n con trabajadores sociales cl\u00ednicos autorizados en la cl\u00ednica Roseburg de la organizaci\u00f3n. <a href=\"\/wp-content\/uploads\/2020\/10\/aviva-2020-bh-interns-mt.pdf\" target=\"_blank\" rel=\"noopener noreferrer\">M\u00c1S<\/a><\/p>\n\n\t<div class=\"clearboth\"><\/div>\n<\/div>\n\n\t<\/div>\n\t<div class=\"vc_custom_1602276274446\">\n\n<div id=\"text-block-54\" class=\"mk-text-block  jupiter-donut-\">\n\n\t\n\t<h4>9 de octubre de 2020<\/h4>\n<h2>Aviva Health ofrece vacunas gratuitas contra la gripe a los veteranos en el Desfile del D\u00eda de los Veteranos de 2020<\/h2>\n<p><strong>ROSEBURG, Oreg\u00f3n. <\/strong>\u2013 Aviva Health est\u00e1 proporcionando vacunas gratuitas contra la gripe a los veteranos del \u00e1rea en el Desfile del D\u00eda de los Veteranos del Condado de Douglas de este a\u00f1o, el mi\u00e9rcoles 11 de noviembre a las 11 a. m. <a href=\"\/wp-content\/uploads\/2020\/10\/aviva-2020-veterans-day-free-flu-shot-clinic-nr-mt.pdf\" target=\"_blank\" rel=\"noopener noreferrer\">M\u00c1S<\/a><\/p>\n\n\t<div class=\"clearboth\"><\/div>\n<\/div>\n\n\t<\/div>\n\t<div class=\"vc_custom_1602276181753\">\n\n<div id=\"text-block-55\" class=\"mk-text-block  jupiter-donut-\">\n\n\t\n\t<h4>6 de octubre de 2020<\/h4>\n<h2>Aviva Health ofrece una cl\u00ednica gratuita de vacunaci\u00f3n contra la gripe para los residentes del norte del condado<\/h2>\n<p><strong>ROSEBURG, Oreg\u00f3n. <\/strong>\u2013 Aviva Health organizar\u00e1 una cl\u00ednica gratuita de vacunaci\u00f3n contra la gripe para los residentes del condado norte (Drain, Yoncalla, Elkton) el viernes 23 de octubre, de 1 p. m. a 4 p. m., y el s\u00e1bado 24 de octubre, de 10 a. m. a 1 p. m., en su cl\u00ednica ubicada en 316 West A Avenue, Drain. <a href=\"\/wp-content\/uploads\/2020\/10\/aviva-2020-nc-free-flu-shot-clinic-nr-mt.pdf\" target=\"_blank\" rel=\"noopener noreferrer\">M\u00c1S<\/a><\/p>\n\n\t<div class=\"clearboth\"><\/div>\n<\/div>\n\n\t<\/div>\n\t<div class=\"vc_custom_1589319326909\">\n\n<div id=\"text-block-56\" class=\"mk-text-block  jupiter-donut-\">\n\n\t\n\t<h4>12 de mayo de 2020<\/h4>\n<h2>La cl\u00ednica Aviva Health Glide reabre sus puertas<\/h2>\n<p><strong>ROSEBURG, Oreg\u00f3n. <\/strong>\u2013 A partir de ahora, la Cl\u00ednica Glide de Aviva Health volver\u00e1 a abrir en su horario comercial habitual despu\u00e9s de un cierre de 50 d\u00edas debido a la emergencia de COVID-19. <a href=\"\/wp-content\/uploads\/2020\/05\/aviva-2020-glide-reopen-nr-mt-final.pdf\" target=\"_blank\" rel=\"noopener noreferrer\">M\u00c1S<\/a><\/p>\n\n\t<div class=\"clearboth\"><\/div>\n<\/div>\n\n\t<\/div>\n\t<div class=\"vc_custom_1586471298852\">\n\n<div id=\"text-block-57\" class=\"mk-text-block  jupiter-donut-\">\n\n\t\n\t<h4>8 de abril de 2020<\/h4>\n<h2>Aviva Health recibe fondos federales adicionales para apoyar la respuesta a la COVID-19<\/h2>\n<p><strong>ROSEBURG, Oreg\u00f3n. <\/strong>\u2013 Aviva Health recibi\u00f3 $740,945 en una segunda ronda de financiaci\u00f3n del Departamento de Salud y Servicios Humanos de EE. UU. para compensar los costos asociados con la respuesta del centro de salud a la emergencia de COVID-19. <a href=\"\/wp-content\/uploads\/2020\/04\/aviva-2020-covid-hhs-round-2-funding-final.pdf\" target=\"_blank\" rel=\"noopener noreferrer\">M\u00c1S<\/a><\/p>\n\n\t<div class=\"clearboth\"><\/div>\n<\/div>\n\n\t<\/div>\n\t<div class=\"vc_custom_1586471160911\">\n\n<div id=\"text-block-58\" class=\"mk-text-block  jupiter-donut-\">\n\n\t\n\t<h4>2 de abril de 2020<\/h4>\n<h2>Aviva Health crea una cl\u00ednica respiratoria para pacientes con s\u00edntomas de COVID-19<\/h2>\n<p><strong>ROSEBURG, Oreg\u00f3n. <\/strong>\u2013 Aviva Health ha establecido una Cl\u00ednica Respiratoria para sus pacientes que experimentan s\u00edntomas de COVID-19, un esfuerzo enfocado en mitigar el uso innecesario de la capacidad del departamento de emergencias local y preservar los suministros r\u00e1pidamente menguantes de equipos de protecci\u00f3n personal (EPP), como m\u00e1scaras, batas, gafas protectoras y guantes. <a href=\"\/wp-content\/uploads\/2020\/04\/aviva-2020-resp-clinic-telehealth-nr-final.pdf\" target=\"_blank\" rel=\"noopener noreferrer\">M\u00c1S<\/a><\/p>\n\n\t<div class=\"clearboth\"><\/div>\n<\/div>\n\n\t<\/div>\n\t<div class=\"vc_custom_1585091858322\">\n\n<div id=\"text-block-59\" class=\"mk-text-block  jupiter-donut-\">\n\n\t\n\t<h4>24 de marzo de 2020<\/h4>\n<h2>Aviva Health recibe financiaci\u00f3n para apoyar la respuesta a la COVID-19<\/h2>\n<p><strong>ROSEBURG, Oreg\u00f3n. <\/strong>\u2013 Aviva Health recibi\u00f3 $60,112 en fondos del Departamento de Salud y Servicios Humanos de EE. UU. para responder y prepararse para el impacto local del COVID-19, tambi\u00e9n llamado coronavirus. <a href=\"\/wp-content\/uploads\/2020\/03\/aviva-2020-covid-hhs-funding-final.pdf\" target=\"_blank\" rel=\"noopener noreferrer\">M\u00c1S<\/a><\/p>\n\n\t<div class=\"clearboth\"><\/div>\n<\/div>\n\n\t<\/div>\n\t<div class=\"vc_custom_1582663617173\">\n\n<div id=\"text-block-60\" class=\"mk-text-block  jupiter-donut-\">\n\n\t\n\t<h4>25 de febrero de 2020<\/h4>\n<h2>Aviva Health ofrece clases para dejar de fumar en Glide<\/h2>\n<p><strong>ROSEBURG, Oreg\u00f3n. <\/strong>\u2013 Aviva Health ofrece clases gratuitas para dejar de fumar de la Asociaci\u00f3n Americana del Pulm\u00f3n en el Centro Comunitario Glide, 20062 N. Umpqua Highway, todos los jueves de 1 p. m. a 3 p. m., a partir del 5 de marzo y hasta el 16 de abril. <a href=\"\/wp-content\/uploads\/2020\/02\/aviva-ffs-nr-final.pdf\" target=\"_blank\" rel=\"noopener noreferrer\">M\u00c1S<\/a><\/p>\n\n\t<div class=\"clearboth\"><\/div>\n<\/div>\n\n\t<\/div>\n\t<div class=\"vc_custom_1582060851015\">\n\n<div id=\"text-block-61\" class=\"mk-text-block  jupiter-donut-\">\n\n\t\n\t<h4>18 de febrero de 2020<\/h4>\n<h2>Aviva Health celebrar\u00e1 una jornada de puertas abiertas para celebrar la nueva cl\u00ednica dental de Myrtle Creek<\/h2>\n<p><strong>ROSEBURG, Oreg\u00f3n. <\/strong>\u2013 Aviva Health realizar\u00e1 una jornada de puertas abiertas al p\u00fablico para presentar su nueva Cl\u00ednica Dental Myrtle Creek \u2013 Division Street el jueves 5 de marzo, de 5:30 p. m. a 7:00 p. m., en 244 Division Street, Myrtle Creek. <a href=\"\/wp-content\/uploads\/2020\/02\/aviva-mc-dental-open-house-nr-final.pdf\" target=\"_blank\" rel=\"noopener noreferrer\">M\u00c1S<\/a><\/p>\n\n\t<div class=\"clearboth\"><\/div>\n<\/div>\n\n\t<\/div>\n\t<div class=\"vc_custom_1581542948094\">\n\n<div id=\"text-block-62\" class=\"mk-text-block  jupiter-donut-\">\n\n\t\n\t<h4>27 de enero de 2020<\/h4>\n<h2>Aviva Health ofrece talleres para personas que viven con dolor cr\u00f3nico<\/h2>\n<p><strong>ROSEBURG, Oreg\u00f3n. <\/strong>\u2013 Aviva Health vuelve a ofrecer talleres gratuitos de autogesti\u00f3n para vivir bien con el dolor cr\u00f3nico todos los viernes durante las pr\u00f3ximas seis semanas, a partir de este viernes 31 de enero, de 9 a. m. a 11:30 a. m., en su cl\u00ednica principal de Roseburg en 150 Kenneth Ford Drive (justo al norte de Costco). <a href=\"\/wp-content\/uploads\/2020\/02\/aviva-chron-pain-workshop-nr-final.pdf\">M\u00c1S<\/a><\/p>\n\n\t<div class=\"clearboth\"><\/div>\n<\/div>\n\n\t<\/div>\n\t<div class=\"vc_custom_1579302717424\">\n\n<div id=\"text-block-63\" class=\"mk-text-block  jupiter-donut-\">\n\n\t\n\t<h4>15 de enero de 2020<\/h4>\n<h2>Aviva Health ampl\u00eda sus servicios dentales a Myrtle Creek<\/h2>\n<p><strong>ROSEBURG, Oreg\u00f3n. <\/strong>\u2013 Aviva Health est\u00e1 estableciendo servicios de atenci\u00f3n dental en Myrtle Creek gracias a los esfuerzos de Mike Shirtcliff, DMD, fundador de Advantage Dental y South Umpqua Integrated Health, y el miembro de la junta directiva de Aviva Health, Charles Ireland, cuya familia ha apoyado una variedad de iniciativas de Aviva Health a lo largo de los a\u00f1os. <a href=\"\/wp-content\/uploads\/2020\/01\/aviva-mc-dental-expansion-nr-final.pdf\" target=\"_blank\" rel=\"noopener noreferrer\">M\u00c1S<\/a><\/p>\n\n\t<div class=\"clearboth\"><\/div>\n<\/div>\n\n\t<\/div>\n\t<div class=\"vc_custom_1564592878309\">\n\n<div id=\"text-block-64\" class=\"mk-text-block  jupiter-donut-\">\n\n\t\n\t<h4>31 de julio de 2019<\/h4>\n<h2>El Centro de Salud Comunitario de Umpqua presenta un nuevo nombre y marca a la comunidad: Aviva Health<\/h2>\n<p><strong>ROSEBURG, Oreg\u00f3n. <\/strong>\u2013 Umpqua Community Health Center, habiendo completado recientemente una reestructuraci\u00f3n de marca, est\u00e1 cambiando su nombre a Aviva Health, con efecto inmediato. <a href=\"\/wp-content\/uploads\/2019\/09\/aviva-launch-nr-mt-final.pdf\" target=\"_blank\" rel=\"noopener noreferrer\">M\u00c1S<\/a><\/p>\n<h4>31 de julio de 2019<\/h4>\n<h2>El Centro de Salud Comunitario de Umpqua ofrece talleres para personas que viven con dolor cr\u00f3nico<\/h2>\n<p><strong>ROSEBURG, Oreg\u00f3n. <\/strong>\u2013 El Centro de Salud Comunitario de Umpqua ofrece talleres gratuitos de autogesti\u00f3n para vivir bien con el dolor cr\u00f3nico todos los lunes a partir del 12 de agosto, de 1:30 p. m. a 3:30 p. m., en su cl\u00ednica principal de Roseburg en 150 Kenneth Ford Drive (justo al norte de Costco). <a href=\"\/wp-content\/uploads\/2019\/07\/uchc-nc-chronic-pain-mt.pdf\" target=\"_blank\" rel=\"noopener noreferrer\">M\u00c1S<\/a><\/p>\n\n\t<div class=\"clearboth\"><\/div>\n<\/div>\n\n\t<\/div>\n\t<div class=\"vc_custom_1564008198310\">\n\n<div id=\"text-block-65\" class=\"mk-text-block  jupiter-donut-\">\n\n\t\n\t<h4>24 de julio de 2019<\/h4>\n<h2>Familias de Early Works visitar\u00e1n la Cl\u00ednica del Norte del Condado del Centro de Salud Comunitario de Umpqua<\/h2>\n<p><strong>ROSEBURG, Oreg\u00f3n. <\/strong>\u2013 El Centro de Salud Comunitario de Umpqua (UCHC) ofrece visitas guiadas a las familias inscritas en el Programa Early Works del Instituto Infantil en su reci\u00e9n inaugurada Cl\u00ednica de Medicina Familiar del Condado de North Douglas, 316 West A Avenue, Drain, OR, el jueves 1 de agosto a las 10:15 a. m. <a href=\"\/wp-content\/uploads\/2019\/07\/uchc-ew-nc-visit-final.pdf\" target=\"_blank\" rel=\"noopener noreferrer\">M\u00c1S<\/a><\/p>\n\n\t<div class=\"clearboth\"><\/div>\n<\/div>\n\n\t<\/div>\n\t<div class=\"vc_custom_1562109213161\">\n\n<div id=\"text-block-66\" class=\"mk-text-block  jupiter-donut-\">\n\n\t\n\t<h4>2 de julio de 2019<\/h4>\n<h2>El Centro de Salud Comunitario de Umpqua abre una cl\u00ednica en el norte del condado de Douglas para abordar las necesidades de atenci\u00f3n m\u00e9dica insatisfechas del \u00e1rea<\/h2>\n<p>El Centro de Salud Comunitario de Umpqua (UCHC) llevar\u00e1 a cabo una ceremonia de inauguraci\u00f3n y una jornada de puertas abiertas para el p\u00fablico en conmemoraci\u00f3n de la apertura de su nueva Cl\u00ednica del Condado de North Douglas en 316 West A Avenue, Drain, OR, el mi\u00e9rcoles 10 de julio, de 5:30 p. m. a 7:30 p. m. <a href=\"\/wp-content\/uploads\/2019\/07\/uchc-nc-clinic-open-nr-7-2-19-mt.pdf\" target=\"_blank\" rel=\"noopener noreferrer\">M\u00c1S<\/a><\/p>\n\n\t<div class=\"clearboth\"><\/div>\n<\/div>\n\n\t<\/div>\n\t<div class=\"vc_custom_1544213896710\">\n\n<div id=\"text-block-67\" class=\"mk-text-block  jupiter-donut-\">\n\n\t\n\t<h4>7 de diciembre de 2018<\/h4>\n<h2>El Centro de Salud Comunitario de Umpqua brind\u00f3 casi $1,4 billones en atenci\u00f3n caritativa el a\u00f1o pasado<\/h2>\n<p>El Centro de Salud Comunitario de Umpqua proporcion\u00f3 casi $750,000 en atenci\u00f3n de caridad en el \u00faltimo a\u00f1o fiscal, aproximadamente el doble de lo que ha podido proporcionar en cada uno de los \u00faltimos cinco a\u00f1os, seg\u00fan una auditor\u00eda completada recientemente (The News-Review). <a href=\"https:\/\/www.nrtoday.com\/news\/health\/umpqua-community-health-center-provides-nearly-in-charity-care-in\/article_eb601f1a-b7e9-521d-a5ff-d5c8fde465ec.html\" target=\"_blank\" rel=\"noopener noreferrer\">M\u00c1S<\/a><\/p>\n\n\t<div class=\"clearboth\"><\/div>\n<\/div>\n\n\t<\/div>\n\t<div class=\"vc_custom_1543939433938\">\n\n<div id=\"text-block-68\" class=\"mk-text-block  jupiter-donut-\">\n\n\t\n\t<h4>4 de diciembre de 2018<\/h4>\n<h2>UCHC proporcion\u00f3 $$750,000 en atenci\u00f3n no compensada<\/h2>\n<p>El Centro de Salud Comunitario de Umpqua proporcion\u00f3 aproximadamente $750,000 en atenci\u00f3n caritativa durante el a\u00f1o fiscal 2017\/18, seg\u00fan una auditor\u00eda completada recientemente por la firma de contabilidad independiente Jones &amp; Roth (KQEN). <a href=\"https:\/\/kqennewsradio.com\/2018\/12\/04\/uchc-provided-750000-in-uncompensated-care\/\" target=\"_blank\" rel=\"noopener noreferrer\">M\u00c1S<\/a><\/p>\n\n\t<div class=\"clearboth\"><\/div>\n<\/div>\n\n\t<\/div>\n\t<div class=\"vc_custom_1543939292564\">\n\n<div id=\"text-block-69\" class=\"mk-text-block  jupiter-donut-\">\n\n\t\n\t<h4>9 de noviembre de 2018<\/h4>\n<h2>Los veteranos y sus mascotas fueron homenajeados en Roseburg por el D\u00eda de los Veteranos<\/h2>\n<p>Este fin de semana se celebra el D\u00eda de los Veteranos, y en el condado de Douglas, los veteranos y sus mascotas se celebran desde temprano con m\u00fasica a todo volumen. El Centro de Salud Comunitario de Umpqua celebr\u00f3 su segundo evento anual &quot;En Homenaje a los Veteranos y sus Mascotas&quot; en Roseburg (KPIC). <a href=\"https:\/\/kpic.com\/news\/local\/vets-and-their-pets-honored-in-roseburg-for-veterans-day\" target=\"_blank\" rel=\"noopener noreferrer\">M\u00c1S<\/a><\/p>\n\n\t<div class=\"clearboth\"><\/div>\n<\/div>\n\n\t<\/div>\n\t<div class=\"vc_custom_1540417368807\">\n\n<div id=\"text-block-70\" class=\"mk-text-block  jupiter-donut-\">\n\n\t\n\t<h4>24 de octubre de 2018<\/h4>\n<h2>El Centro de Salud Comunitario de Umpqua rinde homenaje a los veteranos organizando el segundo evento anual &quot;Veteranos y sus mascotas&quot;<\/h2>\n<p>El Centro de Salud Comunitario de Umpqua (UCHC) organizar\u00e1 el segundo evento anual Vets and Their Pets en honor a los veteranos del condado de Douglas por su servicio en las fuerzas armadas el viernes 9 de noviembre, de 11 a. m. a 2 p. m., en la ubicaci\u00f3n del centro de salud en Roseburg, 150 Kenneth Ford Drive cerca de Costco (comunicado de prensa). <a href=\"\/wp-content\/uploads\/2018\/10\/uchc-vets-pets-nr-mt-final.pdf\" target=\"_blank\" rel=\"noopener noreferrer\">M\u00c1S<\/a><\/p>\n\n\t<div class=\"clearboth\"><\/div>\n<\/div>\n\n\t<\/div>\n<div class=\"vc_separator wpb_content_element vc_separator_align_center vc_sep_width_100 vc_sep_pos_align_center vc_separator_no_text vc_sep_color_grey vc_custom_1504308517367 wpb_content_element  vc_custom_1504308517367 wpb_content_element\" ><span class=\"vc_sep_holder vc_sep_holder_l\"><span class=\"vc_sep_line\"><\/span><\/span><span class=\"vc_sep_holder vc_sep_holder_r\"><span class=\"vc_sep_line\"><\/span><\/span>\n<\/div>\t<div class=\"vc_custom_1538412633806\">\n\n<div id=\"text-block-71\" class=\"mk-text-block  jupiter-donut-\">\n\n\t\n\t<h4>1 de octubre de 2018<\/h4>\n<h2>La Cl\u00ednica Sutherlin recibe la designaci\u00f3n de Nivel 5<\/h2>\n<p>La Autoridad de Salud de Oreg\u00f3n ha designado a la cl\u00ednica Sutherlin de Umpqua Community Health Centers como un hogar de atenci\u00f3n primaria centrado en el paciente de nivel 5 (KQEN). <a href=\"https:\/\/kqennewsradio.com\/2018\/10\/01\/sutherlin-clinic-receives-tier-5-designation\/\" target=\"_blank\" rel=\"noopener noreferrer\">M\u00c1S<\/a><\/p>\n\n\t<div class=\"clearboth\"><\/div>\n<\/div>\n\n\t<\/div>\n<div class=\"vc_separator wpb_content_element vc_separator_align_center vc_sep_width_100 vc_sep_pos_align_center vc_separator_no_text vc_sep_color_grey vc_custom_1504308517367 wpb_content_element  vc_custom_1504308517367 wpb_content_element\" ><span class=\"vc_sep_holder vc_sep_holder_l\"><span class=\"vc_sep_line\"><\/span><\/span><span class=\"vc_sep_holder vc_sep_holder_r\"><span class=\"vc_sep_line\"><\/span><\/span>\n<\/div>\t<div class=\"vc_custom_1538156734827\">\n\n<div id=\"text-block-72\" class=\"mk-text-block  jupiter-donut-\">\n\n\t\n\t<h4>26 de septiembre de 2018<\/h4>\n<h2>Los centros de salud reciben subvenciones para ampliar los tratamientos contra el abuso de sustancias y la salud mental<\/h2>\n<p>Recientemente, dos centros de salud comunitarios del condado de Douglas recibieron subvenciones para ampliar el acceso al tratamiento por consumo de sustancias y salud mental (The News-Review). <a href=\"https:\/\/www.nrtoday.com\/news\/health\/health-centers-get-grants-to-expand-substance-abuse-and-mental\/article_a74771eb-8eaa-55a9-aac9-33a90d8cf418.html\" target=\"_blank\" rel=\"noopener noreferrer\">M\u00c1S<\/a><\/p>\n\n\t<div class=\"clearboth\"><\/div>\n<\/div>\n\n\t<\/div>\n<div class=\"vc_separator wpb_content_element vc_separator_align_center vc_sep_width_100 vc_sep_pos_align_center vc_separator_no_text vc_sep_color_grey vc_custom_1504308517367 wpb_content_element  vc_custom_1504308517367 wpb_content_element\" ><span class=\"vc_sep_holder vc_sep_holder_l\"><span class=\"vc_sep_line\"><\/span><\/span><span class=\"vc_sep_holder vc_sep_holder_r\"><span class=\"vc_sep_line\"><\/span><\/span>\n<\/div>\t<div class=\"vc_custom_1538156545071\">\n\n<div id=\"text-block-73\" class=\"mk-text-block  jupiter-donut-\">\n\n\t\n\t<h4>20 de septiembre de 2018<\/h4>\n<h2>El Centro de Salud Comunitario de Umpqua recibe $285,000<\/h2>\n<p>El Centro de Salud Comunitario Umpqua en Roseburg recibir\u00e1 285.000 T\/T. Esto forma parte de los m\u00e1s de 7 millones de T\/T en recursos federales que se destinar\u00e1n a 25 centros de salud comunitarios en todo Oreg\u00f3n. Un comunicado de los senadores Ron Wyden y Jeff Merkley indic\u00f3 que el dinero se destinar\u00e1 a ampliar el acceso al tratamiento para el abuso de sustancias y la salud mental (KQEN). <a href=\"https:\/\/kqennewsradio.com\/2018\/09\/20\/umpqua-community-health-center-getting-285000\/\" target=\"_blank\" rel=\"noopener noreferrer\">M\u00c1S<\/a><\/p>\n\n\t<div class=\"clearboth\"><\/div>\n<\/div>\n\n\t<\/div>\n<div class=\"vc_separator wpb_content_element vc_separator_align_center vc_sep_width_100 vc_sep_pos_align_center vc_separator_no_text vc_sep_color_grey vc_custom_1504308517367 wpb_content_element  vc_custom_1504308517367 wpb_content_element\" ><span class=\"vc_sep_holder vc_sep_holder_l\"><span class=\"vc_sep_line\"><\/span><\/span><span class=\"vc_sep_holder vc_sep_holder_r\"><span class=\"vc_sep_line\"><\/span><\/span>\n<\/div>\t<div class=\"vc_custom_1535580223762\">\n\n<div id=\"text-block-74\" class=\"mk-text-block  jupiter-donut-\">\n\n\t\n\t<h4>29 de agosto de 2018<\/h4>\n<h2>Proveedor de atenci\u00f3n m\u00e9dica local entre sus pares con mejor desempe\u00f1o<\/h2>\n<p>Un proveedor de atenci\u00f3n m\u00e9dica local se ha posicionado entre sus pares con mejor desempe\u00f1o a nivel nacional. Un comunicado del Centro de Salud Comunitario de Umpqua indica que la organizaci\u00f3n complet\u00f3 recientemente una Visita Operativa al Sitio de la Administraci\u00f3n de Recursos y Servicios de Salud (KQEN). <a href=\"https:\/\/kqennewsradio.com\/2018\/08\/27\/health-care-provider-among-its-top-performing-peers\/\" target=\"_blank\" rel=\"noopener noreferrer\">M\u00c1S<\/a><\/p>\n\n\t<div class=\"clearboth\"><\/div>\n<\/div>\n\n\t<\/div>\n<div class=\"vc_separator wpb_content_element vc_separator_align_center vc_sep_width_100 vc_sep_pos_align_center vc_separator_no_text vc_sep_color_grey vc_custom_1504308517367 wpb_content_element  vc_custom_1504308517367 wpb_content_element\" ><span class=\"vc_sep_holder vc_sep_holder_l\"><span class=\"vc_sep_line\"><\/span><\/span><span class=\"vc_sep_holder vc_sep_holder_r\"><span class=\"vc_sep_line\"><\/span><\/span>\n<\/div>\t<div class=\"vc_custom_1538157224500\">\n\n<div id=\"text-block-75\" class=\"mk-text-block  jupiter-donut-\">\n\n\t\n\t<h4>22 de agosto de 2018<\/h4>\n<h2>El programa ReConnect Scribe brinda a los futuros estudiantes de medicina una valiosa experiencia<\/h2>\n<p class=\"headline\">Ahora en su tercer a\u00f1o, <a href=\"http:\/\/www.healthyoregon.com\/\" target=\"_blank\" rel=\"noopener noreferrer\">Centro de Educaci\u00f3n en Salud del \u00c1rea del Suroeste de Oreg\u00f3n<\/a> El programa ReConnect Scribe est\u00e1 cumpliendo su objetivo de brindarles a los futuros m\u00e9dicos una experiencia cl\u00ednica significativa en la atenci\u00f3n m\u00e9dica rural antes de siquiera poner un pie en la escuela de medicina.<a href=\"https:\/\/www.nrtoday.com\/news\/health\/reconnect-scribe-program-gives-future-med-students-valuable-experience\/article_46656a34-3bd2-5f32-a522-7dcf5503c987.html\" target=\"_blank\" rel=\"noopener noreferrer\">La revista de noticias<\/a>, <a href=\"https:\/\/kqennewsradio.com\/2018\/08\/16\/future-medical-students-gain-experience-in-reconnect-scribe-program\/\" target=\"_blank\" rel=\"noopener noreferrer\">KQEN<\/a>).<\/p>\n\n\t<div class=\"clearboth\"><\/div>\n<\/div>\n\n\t<\/div>\n<div class=\"vc_separator wpb_content_element vc_separator_align_center vc_sep_width_100 vc_sep_pos_align_center vc_separator_no_text vc_sep_color_grey vc_custom_1504308517367 wpb_content_element  vc_custom_1504308517367 wpb_content_element\" ><span class=\"vc_sep_holder vc_sep_holder_l\"><span class=\"vc_sep_line\"><\/span><\/span><span class=\"vc_sep_holder vc_sep_holder_r\"><span class=\"vc_sep_line\"><\/span><\/span>\n<\/div>\t<div class=\"vc_custom_1538157148944\">\n\n<div id=\"text-block-76\" class=\"mk-text-block  jupiter-donut-\">\n\n\t\n\t<h4>16 de agosto de 2018<\/h4>\n<h2>Futuros estudiantes de medicina se familiarizan con el entorno cl\u00ednico a trav\u00e9s del programa ReConnect Scribe<\/h2>\n<p class=\"headline\">Ahora en su tercer a\u00f1o, el Programa ReConnect Scribe del Centro de Educaci\u00f3n en Salud del \u00c1rea del Suroeste de Oreg\u00f3n (AHECSW) est\u00e1 cumpliendo su objetivo de brindarles a los futuros m\u00e9dicos una experiencia cl\u00ednica significativa en atenci\u00f3n m\u00e9dica rural antes de siquiera poner un pie en la escuela de medicina (Northwest Pulse). <a href=\"https:\/\/www.nwrpca.org\/news\/414715\/Future-Med-Students-Gain-Exposure-to-Clinical-Environment-Through-ReConnect-Scribe-Program.htm\" target=\"_blank\" rel=\"noopener noreferrer\">M\u00c1S<\/a><\/p>\n\n\t<div class=\"clearboth\"><\/div>\n<\/div>\n\n\t<\/div>\n<div class=\"vc_separator wpb_content_element vc_separator_align_center vc_sep_width_100 vc_sep_pos_align_center vc_separator_no_text vc_sep_color_grey vc_custom_1504308517367 wpb_content_element  vc_custom_1504308517367 wpb_content_element\" ><span class=\"vc_sep_holder vc_sep_holder_l\"><span class=\"vc_sep_line\"><\/span><\/span><span class=\"vc_sep_holder vc_sep_holder_r\"><span class=\"vc_sep_line\"><\/span><\/span>\n<\/div>\t<div class=\"vc_custom_1527265149446\">\n\n<div id=\"text-block-77\" class=\"mk-text-block  jupiter-donut-\">\n\n\t\n\t<h4>25 de mayo de 2018<\/h4>\n<h2>Los casos de tos ferina se propagan al condado de Douglas<\/h2>\n<p class=\"headline\">A medida que el n\u00famero de casos de tos ferina comienza a estabilizarse en el condado de Lane, ahora est\u00e1n comenzando a aparecer casos en el condado de Douglas (KEZI). <a href=\"http:\/\/www.kezi.com\/content\/news\/Whooping-cough-cases-spread-to-Douglas-County-483651471.html\" target=\"_blank\" rel=\"noopener noreferrer\">M\u00c1S<\/a><\/p>\n\n\t<div class=\"clearboth\"><\/div>\n<\/div>\n\n\t<\/div>\n<div class=\"vc_separator wpb_content_element vc_separator_align_center vc_sep_width_100 vc_sep_pos_align_center vc_separator_no_text vc_sep_color_grey vc_custom_1504308517367 wpb_content_element  vc_custom_1504308517367 wpb_content_element\" ><span class=\"vc_sep_holder vc_sep_holder_l\"><span class=\"vc_sep_line\"><\/span><\/span><span class=\"vc_sep_holder vc_sep_holder_r\"><span class=\"vc_sep_line\"><\/span><\/span>\n<\/div>\t<div class=\"vc_custom_1527177248164\">\n\n<div id=\"text-block-78\" class=\"mk-text-block  jupiter-donut-\">\n\n\t\n\t<h4>24 de mayo de 2018<\/h4>\n<h2>El Centro de Salud Comunitario de Umpqua es reconocido por la OHA por su excelencia en la contabilidad de vacunas<\/h2>\n<p class=\"headline\">Las cinco cl\u00ednicas del Centro de Salud Comunitario de Umpqua fueron reconocidas recientemente por la Autoridad de Salud de Oregon por alcanzar el estatus de oro en excelencia en contabilidad de vacunas durante el primer trimestre de 2018 por sus esfuerzos por seguir las mejores pr\u00e1cticas y est\u00e1ndares establecidos por el Programa de Vacunas para Ni\u00f1os del estado para la administraci\u00f3n de inmunizaciones (KPIC). <a href=\"http:\/\/kpic.com\/news\/local\/umpqua-community-health-center-recognized-by-oha-for-vaccine-accounting-excellence\" target=\"_blank\" rel=\"noopener noreferrer\">M\u00c1S<\/a><\/p>\n\n\t<div class=\"clearboth\"><\/div>\n<\/div>\n\n\t<\/div>\n<div class=\"vc_separator wpb_content_element vc_separator_align_center vc_sep_width_100 vc_sep_pos_align_center vc_separator_no_text vc_sep_color_grey vc_custom_1504308517367 wpb_content_element  vc_custom_1504308517367 wpb_content_element\" ><span class=\"vc_sep_holder vc_sep_holder_l\"><span class=\"vc_sep_line\"><\/span><\/span><span class=\"vc_sep_holder vc_sep_holder_r\"><span class=\"vc_sep_line\"><\/span><\/span>\n<\/div>\t<div class=\"vc_custom_1527010140374\">\n\n<div id=\"text-block-79\" class=\"mk-text-block  jupiter-donut-\">\n\n\t\n\t<h4>15 de mayo de 2018<\/h4>\n<h2>El Centro de Salud Comunitario de Umpqua recibe una calificaci\u00f3n de Nivel 5<\/h2>\n<p class=\"headline\">Las cl\u00ednicas Roseburg y Myrtle Creek del Centro de Salud Comunitario Umpqua recibieron la calificaci\u00f3n m\u00e1s alta de la Autoridad de Salud de Oregon en el programa de atenci\u00f3n primaria domiciliaria centrado en el paciente (The News-Review). <a href=\"https:\/\/www.nrtoday.com\/news\/health\/umpqua-community-health-center-receives-tier-rating\/article_0932e787-a324-5802-b6f5-e75edf965cd0.html\" target=\"_blank\" rel=\"noopener noreferrer\">M\u00c1S<\/a><\/p>\n\n\t<div class=\"clearboth\"><\/div>\n<\/div>\n\n\t<\/div>\n<div class=\"vc_separator wpb_content_element vc_separator_align_center vc_sep_width_100 vc_sep_pos_align_center vc_separator_no_text vc_sep_color_grey vc_custom_1504308517367 wpb_content_element  vc_custom_1504308517367 wpb_content_element\" ><span class=\"vc_sep_holder vc_sep_holder_l\"><span class=\"vc_sep_line\"><\/span><\/span><span class=\"vc_sep_holder vc_sep_holder_r\"><span class=\"vc_sep_line\"><\/span><\/span>\n<\/div>\t<div class=\"vc_custom_1515516065073\">\n\n<div id=\"text-block-80\" class=\"mk-text-block  jupiter-donut-\">\n\n\t\n\t<h4>S\u00e1bado 6 de enero de 2018<\/h4>\n<h2 class=\"headline\">La Cl\u00ednica del Sur del Condado atiende a una gran zona rural<\/h2>\n<div class=\"meta\"><\/div>\n\n\t<div class=\"clearboth\"><\/div>\n<\/div>\n\n\t<\/div>\n\n<div id=\"list-81\" class=\"mk-list-styles  mk-align-none  jupiter-donut- jupiter-donut-clear\" data-charcode=\"mk-icon-check\" data-family=\"\">\n\n\t\n\t<p><a href=\"https:\/\/www.nrtoday.com\/news\/health\/south-county-clinic-serves-large-rural-area\/article_a3124bd9-3c17-5570-9333-e427fbb1f142.html\" target=\"_blank\" rel=\"noopener noreferrer\">Art\u00edculo de NRToday.com sobre nuestra Cl\u00ednica Myrtle Creek<\/a><\/p>\n\n<\/div>\n<div class=\"vc_separator wpb_content_element vc_separator_align_center vc_sep_width_100 vc_sep_pos_align_center vc_separator_no_text vc_sep_color_grey vc_custom_1504308517367 wpb_content_element  vc_custom_1504308517367 wpb_content_element\" ><span class=\"vc_sep_holder vc_sep_holder_l\"><span class=\"vc_sep_line\"><\/span><\/span><span class=\"vc_sep_holder vc_sep_holder_r\"><span class=\"vc_sep_line\"><\/span><\/span>\n<\/div>\n<div id=\"text-block-82\" class=\"mk-text-block  jupiter-donut-\">\n\n\t\n\t<h4>Mi\u00e9rcoles, 27 de septiembre de 2017<\/h4>\n<h2>La HRSA otorga a la UCHC $175,700 para la expansi\u00f3n de los servicios de salud mental y abuso de sustancias<\/h2>\n\n\t<div class=\"clearboth\"><\/div>\n<\/div>\n\n\n<div id=\"list-83\" class=\"mk-list-styles  mk-align-none  jupiter-donut- jupiter-donut-clear\" data-charcode=\"mk-icon-file-pdf-o\" data-family=\"\">\n\n\t\n\t<ul>\n<li><svg  class=\"mk-svg-icon\" data-name=\"mk-icon-file-pdf-o\" data-cacheid=\"icon-69f2e47b9794c\" style=\" height:16px; width: 13.714285714286px; \"  xmlns=\"http:\/\/www.w3.org\/2000\/svg\" viewbox=\"0 0 1536 1792\"><path d=\"M1468 380q28 28 48 76t20 88v1152q0 40-28 68t-68 28h-1344q-40 0-68-28t-28-68v-1600q0-40 28-68t68-28h896q40 0 88 20t76 48zm-444-244v376h376q-10-29-22-41l-313-313q-12-12-41-22zm384 1528v-1024h-416q-40 0-68-28t-28-68v-416h-768v1536h1280zm-514-593q33 26 84 56 59-7 117-7 147 0 177 49 16 22 2 52 0 1-1 2l-2 2v1q-6 38-71 38-48 0-115-20t-130-53q-221 24-392 83-153 262-242 262-15 0-28-7l-24-12q-1-1-6-5-10-10-6-36 9-40 56-91.5t132-96.5q14-9 23 6 2 2 2 4 52-85 107-197 68-136 104-262-24-82-30.5-159.5t6.5-127.5q11-40 42-40h22q23 0 35 15 18 21 9 68-2 6-4 8 1 3 1 8v30q-2 123-14 192 55 164 146 238zm-576 411q52-24 137-158-51 40-87.5 84t-49.5 74zm398-920q-15 42-2 132 1-7 7-44 0-3 7-43 1-4 4-8-1-1-1-2t-.5-1.5-.5-1.5q-1-22-13-36 0 1-1 2v2zm-124 661q135-54 284-81-2-1-13-9.5t-16-13.5q-76-67-127-176-27 86-83 197-30 56-45 83zm646-16q-24-24-140-24 76 28 124 28 14 0 18-1 0-1-2-3z\"\/><\/svg><a href=\"\/wp-content\/uploads\/2017\/10\/press-announcement-2017aimsgrant.pdf\" target=\"_blank\" rel=\"noopener noreferrer\">Ver comunicado de prensa<\/a><\/li>\n<\/ul>\n\n<\/div>\n<div class=\"vc_separator wpb_content_element vc_separator_align_center vc_sep_width_100 vc_sep_pos_align_center vc_separator_no_text vc_sep_color_grey vc_custom_1504308517367 wpb_content_element  vc_custom_1504308517367 wpb_content_element\" ><span class=\"vc_sep_holder vc_sep_holder_l\"><span class=\"vc_sep_line\"><\/span><\/span><span class=\"vc_sep_holder vc_sep_holder_r\"><span class=\"vc_sep_line\"><\/span><\/span>\n<\/div>\n<div id=\"text-block-84\" class=\"mk-text-block  jupiter-donut-\">\n\n\t\n\t<h4>Mi\u00e9rcoles, 16 de agosto de 2017<\/h4>\n<h2>UCHC recibe subvenci\u00f3n para mejora de la calidad del HHS<\/h2>\n\n\t<div class=\"clearboth\"><\/div>\n<\/div>\n\n\n<div id=\"list-85\" class=\"mk-list-styles  mk-align-none  jupiter-donut- jupiter-donut-clear\" data-charcode=\"mk-icon-file-pdf-o\" data-family=\"\">\n\n\t\n\t<ul>\n<li><svg  class=\"mk-svg-icon\" data-name=\"mk-icon-file-pdf-o\" data-cacheid=\"icon-69f2e47b98346\" style=\" height:16px; width: 13.714285714286px; \"  xmlns=\"http:\/\/www.w3.org\/2000\/svg\" viewbox=\"0 0 1536 1792\"><path d=\"M1468 380q28 28 48 76t20 88v1152q0 40-28 68t-68 28h-1344q-40 0-68-28t-28-68v-1600q0-40 28-68t68-28h896q40 0 88 20t76 48zm-444-244v376h376q-10-29-22-41l-313-313q-12-12-41-22zm384 1528v-1024h-416q-40 0-68-28t-28-68v-416h-768v1536h1280zm-514-593q33 26 84 56 59-7 117-7 147 0 177 49 16 22 2 52 0 1-1 2l-2 2v1q-6 38-71 38-48 0-115-20t-130-53q-221 24-392 83-153 262-242 262-15 0-28-7l-24-12q-1-1-6-5-10-10-6-36 9-40 56-91.5t132-96.5q14-9 23 6 2 2 2 4 52-85 107-197 68-136 104-262-24-82-30.5-159.5t6.5-127.5q11-40 42-40h22q23 0 35 15 18 21 9 68-2 6-4 8 1 3 1 8v30q-2 123-14 192 55 164 146 238zm-576 411q52-24 137-158-51 40-87.5 84t-49.5 74zm398-920q-15 42-2 132 1-7 7-44 0-3 7-43 1-4 4-8-1-1-1-2t-.5-1.5-.5-1.5q-1-22-13-36 0 1-1 2v2zm-124 661q135-54 284-81-2-1-13-9.5t-16-13.5q-76-67-127-176-27 86-83 197-30 56-45 83zm646-16q-24-24-140-24 76 28 124 28 14 0 18-1 0-1-2-3z\"\/><\/svg><a href=\"\/wp-content\/uploads\/2017\/09\/press-announcement-2017qualityaward.pdf\" target=\"_blank\" rel=\"noopener noreferrer\">Ver comunicado de prensa<\/a><\/li>\n<\/ul>\n\n<\/div>\n<div class=\"vc_separator wpb_content_element vc_separator_align_center vc_sep_width_100 vc_sep_pos_align_center vc_separator_no_text vc_sep_color_grey vc_custom_1504308517367 wpb_content_element  vc_custom_1504308517367 wpb_content_element\" ><span class=\"vc_sep_holder vc_sep_holder_l\"><span class=\"vc_sep_line\"><\/span><\/span><span class=\"vc_sep_holder vc_sep_holder_r\"><span class=\"vc_sep_line\"><\/span><\/span>\n<\/div>\n<div id=\"text-block-86\" class=\"mk-text-block  jupiter-donut-\">\n\n\t\n\t<h4>Mi\u00e9rcoles, 16 de agosto de 2017<\/h4>\n<h2>Semana Nacional de Concientizaci\u00f3n sobre los Centros de Salud Comunitarios<\/h2>\n\n\t<div class=\"clearboth\"><\/div>\n<\/div>\n\n\n<div id=\"list-87\" class=\"mk-list-styles  mk-align-none  jupiter-donut- jupiter-donut-clear\" data-charcode=\"mk-icon-file-pdf-o\" data-family=\"\">\n\n\t\n\t<ul>\n<li><svg  class=\"mk-svg-icon\" data-name=\"mk-icon-file-pdf-o\" data-cacheid=\"icon-69f2e47b98eb5\" style=\" height:16px; width: 13.714285714286px; \"  xmlns=\"http:\/\/www.w3.org\/2000\/svg\" viewbox=\"0 0 1536 1792\"><path d=\"M1468 380q28 28 48 76t20 88v1152q0 40-28 68t-68 28h-1344q-40 0-68-28t-28-68v-1600q0-40 28-68t68-28h896q40 0 88 20t76 48zm-444-244v376h376q-10-29-22-41l-313-313q-12-12-41-22zm384 1528v-1024h-416q-40 0-68-28t-28-68v-416h-768v1536h1280zm-514-593q33 26 84 56 59-7 117-7 147 0 177 49 16 22 2 52 0 1-1 2l-2 2v1q-6 38-71 38-48 0-115-20t-130-53q-221 24-392 83-153 262-242 262-15 0-28-7l-24-12q-1-1-6-5-10-10-6-36 9-40 56-91.5t132-96.5q14-9 23 6 2 2 2 4 52-85 107-197 68-136 104-262-24-82-30.5-159.5t6.5-127.5q11-40 42-40h22q23 0 35 15 18 21 9 68-2 6-4 8 1 3 1 8v30q-2 123-14 192 55 164 146 238zm-576 411q52-24 137-158-51 40-87.5 84t-49.5 74zm398-920q-15 42-2 132 1-7 7-44 0-3 7-43 1-4 4-8-1-1-1-2t-.5-1.5-.5-1.5q-1-22-13-36 0 1-1 2v2zm-124 661q135-54 284-81-2-1-13-9.5t-16-13.5q-76-67-127-176-27 86-83 197-30 56-45 83zm646-16q-24-24-140-24 76 28 124 28 14 0 18-1 0-1-2-3z\"\/><\/svg><a href=\"\/wp-content\/uploads\/2017\/09\/nhcw2017pressrelease.pdf\" target=\"_blank\" rel=\"noopener noreferrer\">Ver comunicado de prensa<\/a><\/li>\n<\/ul>\n\n<\/div>\n<div class=\"vc_separator wpb_content_element vc_separator_align_center vc_sep_width_100 vc_sep_pos_align_center vc_separator_no_text vc_sep_color_grey vc_custom_1504308517367 wpb_content_element  vc_custom_1504308517367 wpb_content_element\" ><span class=\"vc_sep_holder vc_sep_holder_l\"><span class=\"vc_sep_line\"><\/span><\/span><span class=\"vc_sep_holder vc_sep_holder_r\"><span class=\"vc_sep_line\"><\/span><\/span>\n<\/div>\n<div id=\"text-block-88\" class=\"mk-text-block  jupiter-donut-\">\n\n\t\n\t<h2>UCHC presenta a su nuevo director ejecutivo, KC Bolton<\/h2>\n<p>Nos complace presentar a nuestro nuevo director ejecutivo, KC Bolton. Haga clic en el PDF adjunto para obtener m\u00e1s informaci\u00f3n sobre la amplia trayectoria de KC liderando organizaciones y profesionales de la salud. Est\u00e1 entusiasmado de ser un nuevo miembro de nuestra comunidad y es oriundo de Oreg\u00f3n.<\/p>\n\n\t<div class=\"clearboth\"><\/div>\n<\/div>\n\n\n<div id=\"list-89\" class=\"mk-list-styles  mk-align-none  jupiter-donut- jupiter-donut-clear\" data-charcode=\"mk-icon-file-pdf-o\" data-family=\"\">\n\n\t\n\t<ul>\n<li><svg  class=\"mk-svg-icon\" data-name=\"mk-icon-file-pdf-o\" data-cacheid=\"icon-69f2e47b9988a\" style=\" height:16px; width: 13.714285714286px; \"  xmlns=\"http:\/\/www.w3.org\/2000\/svg\" viewbox=\"0 0 1536 1792\"><path d=\"M1468 380q28 28 48 76t20 88v1152q0 40-28 68t-68 28h-1344q-40 0-68-28t-28-68v-1600q0-40 28-68t68-28h896q40 0 88 20t76 48zm-444-244v376h376q-10-29-22-41l-313-313q-12-12-41-22zm384 1528v-1024h-416q-40 0-68-28t-28-68v-416h-768v1536h1280zm-514-593q33 26 84 56 59-7 117-7 147 0 177 49 16 22 2 52 0 1-1 2l-2 2v1q-6 38-71 38-48 0-115-20t-130-53q-221 24-392 83-153 262-242 262-15 0-28-7l-24-12q-1-1-6-5-10-10-6-36 9-40 56-91.5t132-96.5q14-9 23 6 2 2 2 4 52-85 107-197 68-136 104-262-24-82-30.5-159.5t6.5-127.5q11-40 42-40h22q23 0 35 15 18 21 9 68-2 6-4 8 1 3 1 8v30q-2 123-14 192 55 164 146 238zm-576 411q52-24 137-158-51 40-87.5 84t-49.5 74zm398-920q-15 42-2 132 1-7 7-44 0-3 7-43 1-4 4-8-1-1-1-2t-.5-1.5-.5-1.5q-1-22-13-36 0 1-1 2v2zm-124 661q135-54 284-81-2-1-13-9.5t-16-13.5q-76-67-127-176-27 86-83 197-30 56-45 83zm646-16q-24-24-140-24 76 28 124 28 14 0 18-1 0-1-2-3z\"\/><\/svg><a href=\"\/wp-content\/uploads\/2017\/09\/press-announcement-bolton-is-uchc-ceo.pdf\" target=\"_blank\" rel=\"noopener noreferrer\">Comunicado de prensa: Bolton es el nuevo director ejecutivo de la UCHC<\/a><\/li>\n<\/ul>\n\n<\/div>\n<\/div>\n\n<div class=\"vc_col-sm-2 wpb_column column_container  jupiter-donut- _ jupiter-donut-height-full\">\n\t<\/div>\n<\/div>\n            <div class=\"clearboth\"><\/div>\n        <\/div>\n\n\n\t\t\t\n\t\t\t\n\t\t\t\n\t\t<div class=\"clearboth\"><\/div>\n\t<\/div>\n<\/div>\n<div class=\"vc_row-full-width vc_clearfix\"><\/div>\n\n\n<\/div>","protected":false},"excerpt":{"rendered":"In The News April 21, 2026 Jerry Bruce Community Campus Nonprofit Partners to Hold Annual Spring Fair and Charity Golf Scramble ROSEBURG, Ore. \u2013 Jerry Bruce Community Campus (JBCC) partner [...]","protected":false},"author":5,"featured_media":0,"parent":0,"menu_order":0,"comment_status":"closed","ping_status":"closed","template":"","meta":{"nf_dc_page":"","om_disable_all_campaigns":false,"_monsterinsights_skip_tracking":false,"_monsterinsights_sitenote_active":false,"_monsterinsights_sitenote_note":"","_monsterinsights_sitenote_category":0,"footnotes":""},"class_list":["post-6097","page","type-page","status-publish","hentry"],"aioseo_notices":[],"_links":{"self":[{"href":"https:\/\/aviva.health\/es\/wp-json\/wp\/v2\/pages\/6097","targetHints":{"allow":["GET"]}}],"collection":[{"href":"https:\/\/aviva.health\/es\/wp-json\/wp\/v2\/pages"}],"about":[{"href":"https:\/\/aviva.health\/es\/wp-json\/wp\/v2\/types\/page"}],"author":[{"embeddable":true,"href":"https:\/\/aviva.health\/es\/wp-json\/wp\/v2\/users\/5"}],"replies":[{"embeddable":true,"href":"https:\/\/aviva.health\/es\/wp-json\/wp\/v2\/comments?post=6097"}],"version-history":[{"count":6,"href":"https:\/\/aviva.health\/es\/wp-json\/wp\/v2\/pages\/6097\/revisions"}],"predecessor-version":[{"id":12121,"href":"https:\/\/aviva.health\/es\/wp-json\/wp\/v2\/pages\/6097\/revisions\/12121"}],"wp:attachment":[{"href":"https:\/\/aviva.health\/es\/wp-json\/wp\/v2\/media?parent=6097"}],"curies":[{"name":"gracias","href":"https:\/\/api.w.org\/{rel}","templated":true}]}}